{"id":12,"date":"2026-05-20T18:48:50","date_gmt":"2026-05-20T18:48:50","guid":{"rendered":"https:\/\/www.santvicentnet.com\/?page_id=12"},"modified":"2026-06-25T17:17:50","modified_gmt":"2026-06-25T17:17:50","slug":"tipos-de-contenedores","status":"publish","type":"page","link":"https:\/\/www.santvicentnet.com\/va\/tipos-de-contenedores\/","title":{"rendered":"Tipus de contenidor, \u00fas i ubicaci\u00f3"},"content":{"rendered":"<section class=\"sv-section\">A la Ciutat de Sant Vicent hi ha m\u00e9s de <strong>1.000 contenidors<\/strong> repartits per tot el municipi, de <strong>7 tipus diferents<\/strong> de fracci\u00f3 de residus. Els dits contenidors s'han habilitat amb la finalitat de recepcionar la major part dels residus que es produ\u00efxen en els domicilis, i no han de ser utilitzats per ind\u00fastries que produ\u00efsquen, com a fruit de la seua activitat, quantitats de residus superiors a les que es poden produir en un domicili.<\/p>\n<p>Coneix quins s\u00f3n i qu\u00e8 pots i qu\u00e8 no pots depositar en cada tipus de contenidor.<\/p>\n<\/section>\n<div class=\"sv-cont-grid\">\n<div class=\"sv-cont-card\">\n<div class=\"sv-cont-head\"><span class=\"sv-cont-icon\" style=\"--cont-c: #f5c518;\"><br \/>\n<i class=\"fa-solid fa-dumpster\"><\/i><br \/>\n<\/span><\/p>\n<div>\n<h3 class=\"sv-cont-name\">Contenidor groc<\/h3>\n<p><span class=\"sv-cont-sub\">Envasos de pl\u00e0stic, llandes i briks<\/span><\/p>\n<\/div>\n<\/div>\n<p class=\"sv-cont-desc\">En el contenidor groc han d'anar les llandes de conserva; els briks; les botelles, bots, bosses, safates i altres envasos i embolcalls sempre que siguen de pl\u00e0stic, alumini o suro; els coberts, plats i gots d'un sol \u00fas o el pl\u00e0stic de bambolles. Tamb\u00e9 les tapes dels iogurts, un dels dubtes m\u00e9s freq\u00fcents.<\/p>\n<\/div>\n<div class=\"sv-cont-card\">\n<div class=\"sv-cont-head\"><span class=\"sv-cont-icon\" style=\"--cont-c: #1f6fd0;\"><br \/>\n<i class=\"fa-solid fa-dumpster\"><\/i><br \/>\n<\/span><\/p>\n<div>\n<h3 class=\"sv-cont-name\">Contenidor blau<\/h3>\n<p><span class=\"sv-cont-sub\">Paper i cart\u00f3<\/span><\/p>\n<\/div>\n<\/div>\n<p class=\"sv-cont-desc\">Estos cubells estan indicats per al paper (folis, revistes, peri\u00f2dics, embolcalls) i el cart\u00f3, que ha d'anar plegat perqu\u00e8 ocupe menys espai. Cal recordar que en estos contenidors no s'ha de depositar el paper i el cart\u00f3 bruts, com \u00e9s el cas de tovallons i mocadors. El que s\u00ed que va en els cubells blaus s\u00f3n els quaderns i, per a tranquil\u00b7litat de molts, no cal llevar-los les anelles.<\/p>\n<\/div>\n<div class=\"sv-cont-card\">\n<div class=\"sv-cont-head\"><span class=\"sv-cont-icon\" style=\"--cont-c: #1f9d4d;\"><br \/>\n<i class=\"fa-solid fa-dumpster\"><\/i><br \/>\n<\/span><\/p>\n<div>\n<h3 class=\"sv-cont-name\">Contenidor verd<\/h3>\n<p><span class=\"sv-cont-sub\">Vidre<\/span><\/p>\n<\/div>\n<\/div>\n<p class=\"sv-cont-desc\">Botelles, pots i flascons de vidre sense les seues tapes \u2014que van en el groc\u2014, per\u00f2 no els vidres de finestres o els plats i gots trencats. Tampoc no hi han d'anar els pots de vidre de medicaments, ja que el seu tractament posterior \u00e9s distint. Hi ha un sistema de recollida a les farm\u00e0cies i tamb\u00e9 a l'ecoparc destinat als medicaments.<\/p>\n<\/div>\n<div class=\"sv-cont-card\">\n<div class=\"sv-cont-head\"><span class=\"sv-cont-icon\" style=\"--cont-c: #6b6b6b;\"><br \/>\n<i class=\"fa-solid fa-dumpster\"><\/i><br \/>\n<\/span><\/p>\n<div>\n<h3 class=\"sv-cont-name\">Contenidor gris<\/h3>\n<p><span class=\"sv-cont-sub\">Resta \/ fracci\u00f3 restes<\/span><\/p>\n<\/div>\n<\/div>\n<p class=\"sv-cont-desc\">Per a aliments, draps, plats, gots, paper i cart\u00f3 bruts, discos, casets, goma, pl\u00e0stics que no siguen envasos (perxes, etc.), joguets i un llarg etc\u00e8tera d'objectes s'usa el contenidor de restes, el de tapa grisa.<\/p>\n<p>Pr\u00e8viament ha de depositar estos residus dins de bosses de pl\u00e0stic, perfectament tancades i exemptes de l\u00edquids. Estes bosses les ha de depositar dins dels contenidors durant l'horari de <strong>20 a 23 hores<\/strong> i posteriorment ha de tancar-ne la tapa.<\/p>\n<\/div>\n<div class=\"sv-cont-card\">\n<div class=\"sv-cont-head\"><span class=\"sv-cont-icon\" style=\"--cont-c: #7a4f1c;\"><br \/>\n<i class=\"fa-solid fa-dumpster\"><\/i><br \/>\n<\/span><\/p>\n<div>\n<h3 class=\"sv-cont-name\">Contenidor marr\u00f3<\/h3>\n<p><span class=\"sv-cont-sub\">Mat\u00e8ria org\u00e0nica<\/span><\/p>\n<\/div>\n<\/div>\n<p class=\"sv-cont-desc\">Els contenidors instal\u00b7lats pertanyen a una campanya pilot de recollida selectiva de material org\u00e0nic dirigida principalment a grans generadors d'este tipus de residus, encara que els particulars tamb\u00e9 hi poden participar.<\/p>\n<p>En estos contenidors nom\u00e9s s'han de depositar restes org\u00e0niques d'origen animal o vegetal.<\/p>\n<\/div>\n<div class=\"sv-cont-card\">\n<div class=\"sv-cont-head\"><span class=\"sv-cont-icon\" style=\"--cont-c: #e57c1f;\"><br \/>\n<i class=\"fa-solid fa-dumpster\"><\/i><br \/>\n<\/span><\/p>\n<div>\n<h3 class=\"sv-cont-name\">Contenidor taronja<\/h3>\n<p><span class=\"sv-cont-sub\">Oli usat de cuina<\/span><\/p>\n<\/div>\n<\/div>\n<p class=\"sv-cont-desc\">Per a olis usats de cuina d'origen vegetal (gira-sol, oliva, soia, palma, etc.).<\/p>\n<p>Una vegada que l'oli de la paella s'ha refredat, ha de depositar el l\u00edquid mitjan\u00e7ant l'\u00fas d'un embut en un recipient de pl\u00e0stic reutilitzat procedent de botelles d'aigua, refrescos, etc. i, quan el recipient estiga ple, assegure's que est\u00e0 ben tancat i deposite'l dins del contenidor.<\/p>\n<\/div>\n<div class=\"sv-cont-card\">\n<div class=\"sv-cont-head\"><span class=\"sv-cont-icon\" style=\"--cont-c: #7fc4f0;\"><br \/>\n<i class=\"fa-solid fa-dumpster\"><\/i><br \/>\n<\/span><\/p>\n<div>\n<h3 class=\"sv-cont-name\">Contenidor blau clar<\/h3>\n<p><span class=\"sv-cont-sub\">Roba, cal\u00e7at i t\u00e8xtil<\/span><\/p>\n<\/div>\n<\/div>\n<p class=\"sv-cont-desc\">Per a depositar la roba usada, sabates i draps nets que rebutgem.<\/p>\n<p><strong>Peces de vestir:<\/strong> su\u00e8ters, camises, samarretes, faldes, pantalons, jerseis, ca\u00e7adores, jaquetes, banyadors, xandalls, vestits, polos, trages, bruses, abrics, llenceria, roba interior, corbates, mocadors, bufandes, etc.<br \/>\n<strong>Roba de la llar:<\/strong> llen\u00e7ols, mantes, fundes, jocs de taula, cortines, tovalloles, albornussos, edredons, etc.<br \/>\n<strong>Cal\u00e7at:<\/strong> sabates, botes, cal\u00e7at esportiu, sand\u00e0lies, etc.<br \/>\n<strong>Complements:<\/strong> bosses de m\u00e0, carteres, moneders, gorres, casquets, ventalls i barrets, cinturons, tirants, etc.<\/p>\n<\/div>\n<div class=\"sv-cont-card\">\n<div class=\"sv-cont-head\"><span class=\"sv-cont-icon\" style=\"--cont-c: #d6342d;\"><br \/>\n<i class=\"fa-solid fa-dumpster\"><\/i><br \/>\n<\/span><\/p>\n<div>\n<h3 class=\"sv-cont-name\">Contenidor roig<\/h3>\n<p><span class=\"sv-cont-sub\">Piles usades<\/span><\/p>\n<\/div>\n<\/div>\n<p class=\"sv-cont-desc\">Per a depositar les piles usades, ja siguen normals (A, AA, AAA), de petaca, de 9V o de bot\u00f3. En este contenidor no es depositen les bateries dels tel\u00e8fons m\u00f2bils ni d'altres aparells electr\u00f2nics. Estos contenidors, a difer\u00e8ncia dels altres, nom\u00e9s els podr\u00e0s trobar en alguns comer\u00e7os, edificis municipals i col\u00b7legis p\u00fablics.<\/p>\n<\/div>\n<div class=\"sv-cont-card\">\n<div class=\"sv-cont-head\"><span class=\"sv-cont-icon\" style=\"--cont-c: #2bbf9c;\"><br \/>\n<i class=\"fa-solid fa-dumpster\"><\/i><br \/>\n<\/span><\/p>\n<div>\n<h3 class=\"sv-cont-name\">Contenidor per a RAEE<\/h3>\n<p><span class=\"sv-cont-sub\">Residus d'Aparells El\u00e8ctrics i Electr\u00f2nics<\/span><\/p>\n<\/div>\n<\/div>\n<p class=\"sv-cont-desc\">Estos contenidors els podr\u00e0s trobar en alguns comer\u00e7os i edificis municipals. Hi podr\u00e0s depositar Residus d'Aparells El\u00e8ctrics o Electr\u00f2nics (RAEE).<\/p>\n<p>Un aparell el\u00e8ctric o electr\u00f2nic \u00e9s qualsevol aparell que funciona mitjan\u00e7ant piles, bateries o connectat a la xarxa el\u00e8ctrica. Quan un aparell d'estes caracter\u00edstiques deixa de ser \u00fatil es convertix en un residu i l'ha de depositar en este tipus de contenidors o portar-lo a l'Ecoparc.<\/p>\n<\/div>\n<\/div>\n<section class=\"sv-section\">\n<h2>Contenidors de restes org\u00e0niques<\/h2>\n<p>Estes s\u00f3n les ubicacions dels contenidors de la fracci\u00f3 org\u00e0nica:<\/p>\n<ul class=\"sv-cont-locations\">\n<li><i class=\"fa-solid fa-location-dot\"><\/i> Avda. Pa\u00eds Valenci\u00e0 amb c\/ Alfonso XIII<\/li>\n<li><i class=\"fa-solid fa-location-dot\"><\/i> Avda. Sevilla, 3 (CEIP Jos\u00e9 Ram\u00f3n Garc\u00eda Ant\u00f3n)<\/li>\n<li><i class=\"fa-solid fa-location-dot\"><\/i> C\/ Alfonso XXIII cantonada c\/ Echegaray<\/li>\n<li><i class=\"fa-solid fa-location-dot\"><\/i> C\/ Algar amb Algibe (CEIP Almazara)<\/li>\n<li><i class=\"fa-solid fa-location-dot\"><\/i> C\/ Alicante, 94 (The Outlet Stores \u2014 Zona Foster&#8217;s)<\/li>\n<li><i class=\"fa-solid fa-location-dot\"><\/i> C\/ Alicante, 94 (The Outlet Stores \u2014 Zona servicis)<\/li>\n<li><i class=\"fa-solid fa-location-dot\"><\/i> C\/ Argentina (Parc Portabella)<\/li>\n<li><i class=\"fa-solid fa-location-dot\"><\/i> C\/ Azor\u00edn, enfront del n\u00fam. 24<\/li>\n<li><i class=\"fa-solid fa-location-dot\"><\/i> C\/ Benito P\u00e9rez Gald\u00f3s (CEIP Jaime I)<\/li>\n<li><i class=\"fa-solid fa-location-dot\"><\/i> C\/ Clot amb Av. Rodalet (CEIP Santa Isabel)<\/li>\n<li><i class=\"fa-solid fa-location-dot\"><\/i> C\/ Doctor Mara\u00f1\u00f3n, 17 (CEIP Azor\u00edn)<\/li>\n<li><i class=\"fa-solid fa-location-dot\"><\/i> C\/ D. Mara\u00f1\u00f3n (CEIP Juan Ram\u00f3n Jim\u00e9nez)<\/li>\n<li><i class=\"fa-solid fa-location-dot\"><\/i> C\/ J\u00e1vea amb c\/ Denia (CEIP Victoria Kent)<\/li>\n<li><i class=\"fa-solid fa-location-dot\"><\/i> C\/ La Huerta, 3 (CEIP La Huerta)<\/li>\n<li><i class=\"fa-solid fa-location-dot\"><\/i> C\/ Mon\u00f3var, 5 (IES Canastell)<\/li>\n<li><i class=\"fa-solid fa-location-dot\"><\/i> C\/ Mon\u00f3var amb c\/ Lillo Juan<\/li>\n<li><i class=\"fa-solid fa-location-dot\"><\/i> C\/ Moraira, 20 (Pl. Pepita Molt\u00f3)<\/li>\n<li><i class=\"fa-solid fa-location-dot\"><\/i> C\/ M\u00fasico Mariano P\u00e9rez (DomusVI)<\/li>\n<li><i class=\"fa-solid fa-location-dot\"><\/i> C\/ Poeta Garc\u00eda Lorca cantonada c\/ Alicante<\/li>\n<li><i class=\"fa-solid fa-location-dot\"><\/i> C\/ R\u00edo Duero amb c\/ R\u00edo Mi\u00f1o (Col\u00b7legi San Raimundo Penyafort)<\/li>\n<li><i class=\"fa-solid fa-location-dot\"><\/i> C\/ R\u00edo Ebro, 7 (CEIP Reyes Cat\u00f3licos)<\/li>\n<li><i class=\"fa-solid fa-location-dot\"><\/i> C\/ R\u00edo Turia, 1<\/li>\n<li><i class=\"fa-solid fa-location-dot\"><\/i> Universitat d'Alacant (Punt net)<\/li>\n<\/ul>\n<\/section>\n<section class=\"sv-section\">Tots estos residus i els que no es descriuen per a les fraccions contenidoritzades tamb\u00e9 podran ser depositats, amb un cert control de les quantitats, en l'ecoparc (aparells electr\u00f2nics, tubs fluorescents, metalls, cables, palets, runes, vidres, pl\u00e0stics, piles, etc.).<\/p>\n<div class=\"sv-cont-note\">\n\t<i class=\"fa-solid fa-circle-info\"><\/i><\/p>\n<p>Recorda que cada contenidor t\u00e9 la seua pr\u00f2pia matr\u00edcula, del tipus: <code>RSU-0001\/X-12\/SVR<\/code>, que vol dir: contenidor de la fracci\u00f3 RSU n\u00fam. 1, instal\u00b7lat l'octubre de 2012, pertanyent a Sant Vicent del Raspeig. La dita matr\u00edcula pot servir-te per a localitzar un contenidor en els pl\u00e0nols, o per a referir-te a un contenidor concret quan hages de donar alguna incid\u00e8ncia sobre este.<\/p>\n<\/div>\n<\/section>\n<section class=\"sv-section\">\n<h2>Ubicaci\u00f3 dels contenidors<\/h2>\n<p>Vols saber quins contenidors estan m\u00e9s prop de la teua llar? Busques on depositar l'oli, les piles o la roba usada? Per a resoldre este tipus de dubtes hem posat a la teua disposici\u00f3 esta ferramenta de visualitzaci\u00f3 cartogr\u00e0fica de contenidors.<\/p>\n<p>Pot activar i desactivar les diferents capes a fi de con\u00e9ixer la ubicaci\u00f3 del tipus de contenidor que vost\u00e9 desitge. Tamb\u00e9 pot introduir la seua adre\u00e7a en el formulari de la part inferior del mapa o deixar que la ferramenta el localitze polsant el bot\u00f3 <strong>\u00abUtilitzar la meua ubicaci\u00f3\u00bb<\/strong>.<\/p>\n<h3 class=\"sv-map-label\"><i class=\"fa-solid fa-map-location-dot\"><\/i> Mapa general de contenidors<\/h3>\n<div class=\"sv-map-wrap\"><iframe title=\"Mapa general de contenidors\" src=\"https:\/\/www.google.com\/maps\/d\/u\/0\/embed?mid=1pLPGRSRODgMJma55VJ8zygFuBno&amp;hl=es&amp;ehbc=2E312F&amp;ll=38.422480133601475%2C-0.5278629999999973&amp;z=13\" allowfullscreen=\"allowfullscreen\"><\/iframe><\/div>\n<h3 class=\"sv-map-label\"><i class=\"fa-solid fa-circle-nodes\"><\/i> Mapes espec\u00edfics<\/h3>\n<div class=\"sv-extmap-grid\">\n    <a class=\"sv-extmap-card\" href=\"https:\/\/www.texlimca.com\/mapa\/mapa.php?p=SANVICENTEDELRASPEIG&amp;t=2\" target=\"_blank\"\n  rel=\"noopener\"><span class=\"sv-extmap-ico\" style=\"--ec:#e57c1f\"><i class=\"fa-solid fa-bottle-droplet\"><\/i><\/span><span\n  class=\"sv-extmap-body\"><strong>Contenidors d'oli<\/strong><span>Localitza els punts de recollida d'oli usat a Sant<br \/>\nVicent.<\/span><\/span><span class=\"sv-extmap-go\">Obrir mapa <i class=\"fa-solid fa-arrow-up-right-from-square\"><\/i><\/span><\/a><br \/>\n<a class=\"sv-extmap-card\" href=\"https:\/\/www.texlimca.com\/mapa\/mapa.php?p=SANVICENTEDELRASPEIG\" target=\"_blank\"\n  rel=\"noopener\"><span class=\"sv-extmap-ico\" style=\"--ec:#7fc4f0\"><i class=\"fa-solid fa-shirt\"><\/i><\/span><span\n  class=\"sv-extmap-body\"><strong>Contenidors de roba<\/strong><span>Localitza els punts de recollida de roba, cal\u00e7at i<br \/>\nt\u00e8xtil.<\/span><\/span><span class=\"sv-extmap-go\">Obrir mapa <i class=\"fa-solid fa-arrow-up-right-from-square\"><\/i><\/span><\/a><\/div>\n<div class=\"sv-cont-note sv-cont-note-warn\">\n\t<i class=\"fa-solid fa-triangle-exclamation\"><\/i><\/p>\n<p><strong>Nota:<\/strong> a causa de la recent compra d'un gran nombre de noves unitats de contenidors i al reposicionament i optimitzaci\u00f3 d'illes, la informaci\u00f3 d'ubicacions ha de ser actualitzada, la qual cosa \u00e9s una tasca de certa complexitat que requerix un temps. Gr\u00e0cies per la seua comprensi\u00f3.<\/p>\n<\/div>\n<\/section>","protected":false},"excerpt":{"rendered":"<p>En la Ciudad de San Vicente existen m\u00e1s de 1.000 contenedores repartidos por todo el municipio, de 7 tipos diferentes de fracci\u00f3n de residuos. Dichos contenedores se han habilitado con la finalidad de recepcionar la mayor parte de los residuos que se producen en los domicilios, no debiendo ser utilizados por industrias que produzcan, como [&hellip;]<\/p>\n","protected":false},"author":1,"featured_media":0,"parent":0,"menu_order":0,"comment_status":"closed","ping_status":"closed","template":"","meta":{"_sv_page_css":"\/* ---------- TIPOS DE CONTENEDORES ---------- *\/\n.sv-cont-grid {\n\tdisplay: grid;\n\tgrid-template-columns: repeat(2, 1fr);\n\tgap: 18px;\n\tmargin: 24px 0 32px;\n}\n.sv-cont-card {\n\tbackground: #fff;\n\tborder: 1px solid var(--sv-card-border);\n\tborder-radius: 14px;\n\tpadding: 20px 22px;\n\ttransition: transform .2s, box-shadow .25s, border-color .2s;\n}\n.sv-cont-card:hover {\n\ttransform: translateY(-3px);\n\tbox-shadow: 0 10px 28px rgba(0, 0, 0, 0.08);\n\tborder-color: var(--sv-dark);\n}\n.sv-cont-head {\n\tdisplay: flex;\n\talign-items: center;\n\tgap: 14px;\n\tmargin-bottom: 12px;\n}\n.sv-cont-icon {\n\twidth: 52px;\n\theight: 52px;\n\tborder-radius: 12px;\n\tbackground: var(--cont-c);\n\tcolor: #fff;\n\tdisplay: flex;\n\talign-items: center;\n\tjustify-content: center;\n\tfont-size: 22px;\n\tflex-shrink: 0;\n\tbox-shadow: 0 4px 12px rgba(0, 0, 0, 0.1);\n}\n.sv-cont-name {\n\tfont-size: 16px;\n\tfont-weight: 700;\n\tmargin: 0;\n\tcolor: var(--sv-text);\n\tline-height: 1.2;\n}\n.sv-cont-sub {\n\tfont-size: 13px;\n\tcolor: #666;\n\tfont-style: italic;\n}\n.sv-cont-desc {\n\tfont-size: 14px;\n\tline-height: 1.65;\n\tcolor: #333;\n\tmargin: 0;\n}\n.sv-cont-locations {\n\tlist-style: none;\n\tmargin: 0;\n\tpadding: 0;\n\tdisplay: grid;\n\tgrid-template-columns: repeat(2, 1fr);\n\tgap: 8px 18px;\n}\n.sv-cont-locations li {\n\tfont-size: 14px;\n\tline-height: 1.5;\n\tcolor: #333;\n\tpadding: 6px 0;\n\tborder-bottom: 1px dashed #ececec;\n\tdisplay: flex;\n\talign-items: flex-start;\n\tgap: 8px;\n}\n.sv-cont-locations li i {\n\tcolor: var(--sv-dark);\n\tfont-size: 13px;\n\tmargin-top: 4px;\n\tflex-shrink: 0;\n}\n.sv-cont-note {\n\tdisplay: flex;\n\tgap: 14px;\n\tbackground: #f1faea;\n\tborder: 1px solid var(--sv-light);\n\tborder-radius: 12px;\n\tpadding: 16px 18px;\n\tmargin-top: 16px;\n}\n.sv-cont-note i {\n\tcolor: var(--sv-dark);\n\tfont-size: 22px;\n\tflex-shrink: 0;\n\tmargin-top: 2px;\n}\n.sv-cont-note p {\n\tmargin: 0;\n\tfont-size: 14px;\n\tline-height: 1.65;\n\tcolor: #1a4d1a;\n}\n.sv-cont-note code {\n\tbackground: #fff;\n\tpadding: 1px 6px;\n\tborder-radius: 4px;\n\tfont-size: 13px;\n\tcolor: var(--sv-dark);\n}\n.sv-cont-note-warn {\n\tbackground: #fffaec;\n\tborder-color: #f0d97a;\n}\n.sv-cont-note-warn i { color: #b88207; }\n.sv-cont-note-warn p { color: #5a4708; }\n\n.sv-map-label {\n\tdisplay: flex;\n\talign-items: center;\n\tgap: 10px;\n\tfont-size: 15px;\n\tfont-weight: 700;\n\tcolor: var(--sv-text);\n\tmargin: 28px 0 10px;\n\tpadding-bottom: 8px;\n\tborder-bottom: 2px solid var(--sv-light);\n}\n.sv-map-label i { color: var(--sv-dark); font-size: 16px; }\n\n.sv-extmap-grid br { display: none; }\n.sv-extmap-grid {\n\tdisplay: grid;\n\tgrid-template-columns: repeat(2, 1fr);\n\tgap: 16px;\n\tmargin: 16px 0 24px;\n}\n.sv-extmap-card {\n\tdisplay: flex;\n\talign-items: center;\n\tgap: 16px;\n\tpadding: 18px 20px;\n\tbackground: #fff;\n\tborder: 1px solid var(--sv-card-border);\n\tborder-radius: 14px;\n\ttext-decoration: none;\n\tcolor: var(--sv-text);\n\ttransition: transform .2s, box-shadow .25s, border-color .2s;\n}\n.sv-extmap-card:hover {\n\ttransform: translateY(-2px);\n\tborder-color: var(--sv-dark);\n\tbox-shadow: 0 10px 28px rgba(0, 0, 0, 0.08);\n}\n.sv-extmap-ico {\n\twidth: 52px;\n\theight: 52px;\n\tborder-radius: 12px;\n\tbackground: var(--ec);\n\tcolor: #fff;\n\tdisplay: flex;\n\talign-items: center;\n\tjustify-content: center;\n\tfont-size: 22px;\n\tflex-shrink: 0;\n\tbox-shadow: 0 4px 12px rgba(0, 0, 0, 0.1);\n}\n.sv-extmap-body {\n\tflex: 1;\n\tmin-width: 0;\n}\n.sv-extmap-body strong {\n\tdisplay: block;\n\tfont-size: 15px;\n\tmargin-bottom: 4px;\n\tcolor: var(--sv-text);\n}\n.sv-extmap-body span {\n\tfont-size: 13px;\n\tline-height: 1.45;\n\tcolor: #666;\n}\n.sv-extmap-go {\n\tdisplay: inline-flex;\n\talign-items: center;\n\tgap: 6px;\n\tfont-size: 13px;\n\tfont-weight: 700;\n\tcolor: var(--sv-dark);\n\twhite-space: nowrap;\n\tflex-shrink: 0;\n}\n.sv-extmap-go i { font-size: 11px; }\n@media (max-width: 768px) {\n\t.sv-extmap-grid { grid-template-columns: 1fr; }\n\t.sv-extmap-go { display: none; }\n\t.sv-extmap-card { padding: 14px 16px; }\n}\n\n.sv-map-tabs {\n\tdisplay: flex;\n\tflex-wrap: wrap;\n\tgap: 8px;\n\tmargin: 18px 0 0;\n}\n.sv-map-tab {\n\tdisplay: inline-flex;\n\talign-items: center;\n\tgap: 8px;\n\tpadding: 10px 18px;\n\tborder: 1.5px solid var(--sv-card-border);\n\tborder-radius: 999px;\n\tbackground: #fff;\n\tfont-family: inherit;\n\tfont-size: 14px;\n\tfont-weight: 600;\n\tcolor: var(--sv-text);\n\tcursor: pointer;\n\ttransition: background .2s, border-color .2s, color .2s, transform .15s;\n}\n.sv-map-tab i { font-size: 13px; color: var(--sv-dark); transition: color .2s; }\n.sv-map-tab:hover {\n\tborder-color: var(--sv-dark);\n\ttransform: translateY(-1px);\n}\n.sv-map-tab.is-active {\n\tbackground: linear-gradient(135deg, var(--sv-dark) 0%, #00873a 100%);\n\tborder-color: transparent;\n\tcolor: #fff;\n\tbox-shadow: 0 4px 14px rgba(0, 161, 61, 0.3);\n}\n.sv-map-tab.is-active i { color: #fff; }\n\n.sv-map-wrap {\n\tposition: relative;\n\twidth: 100%;\n\theight: 600px;\n\tborder-radius: 14px;\n\toverflow: hidden;\n\tborder: 1px solid var(--sv-card-border);\n\tbox-shadow: 0 6px 20px rgba(0, 0, 0, 0.06);\n\tmargin: 24px 0;\n\tbackground: #f4f4f4;\n}\n.sv-map-wrap iframe {\n\twidth: 100%;\n\theight: 100%;\n\tborder: 0;\n\tdisplay: block;\n}\n@media (max-width: 768px) {\n\t.sv-map-wrap { height: 480px; }\n}\n@media (max-width: 480px) {\n\t.sv-map-wrap { height: 380px; border-radius: 10px; }\n}\n@media (max-width: 768px) {\n\t.sv-cont-grid, .sv-cont-locations { grid-template-columns: 1fr; }\n}","footnotes":""},"class_list":["post-12","page","type-page","status-publish","hentry"],"_links":{"self":[{"href":"https:\/\/www.santvicentnet.com\/va\/wp-json\/wp\/v2\/pages\/12","targetHints":{"allow":["GET"]}}],"collection":[{"href":"https:\/\/www.santvicentnet.com\/va\/wp-json\/wp\/v2\/pages"}],"about":[{"href":"https:\/\/www.santvicentnet.com\/va\/wp-json\/wp\/v2\/types\/page"}],"author":[{"embeddable":true,"href":"https:\/\/www.santvicentnet.com\/va\/wp-json\/wp\/v2\/users\/1"}],"replies":[{"embeddable":true,"href":"https:\/\/www.santvicentnet.com\/va\/wp-json\/wp\/v2\/comments?post=12"}],"version-history":[{"count":12,"href":"https:\/\/www.santvicentnet.com\/va\/wp-json\/wp\/v2\/pages\/12\/revisions"}],"predecessor-version":[{"id":94,"href":"https:\/\/www.santvicentnet.com\/va\/wp-json\/wp\/v2\/pages\/12\/revisions\/94"}],"wp:attachment":[{"href":"https:\/\/www.santvicentnet.com\/va\/wp-json\/wp\/v2\/media?parent=12"}],"curies":[{"name":"wp","href":"https:\/\/api.w.org\/{rel}","templated":true}]}}