{"id":16,"date":"2026-05-20T18:48:50","date_gmt":"2026-05-20T18:48:50","guid":{"rendered":"https:\/\/www.santvicentnet.com\/?page_id=16"},"modified":"2026-06-25T11:52:54","modified_gmt":"2026-06-25T11:52:54","slug":"recogida-enseres","status":"publish","type":"page","link":"https:\/\/www.santvicentnet.com\/va\/recogida-enseres\/","title":{"rendered":"Recollida d'estris"},"content":{"rendered":"<div class=\"sv-contact-intro\">\n<p>El Ayuntamiento, a trav\u00e9s de su concesionaria Prezero, pone a disposici\u00f3n de los vecinos de San Vicente un servicio de recogida de enseres y muebles, que se presta de Lunes a S\u00e1bado, previa cita, en horario de 6 a 12 h.<\/p>\n<p>Si deseas que pasen a retirar tus enseres, realiza tu petici\u00f3n en el siguiente formulario y te informar\u00e1n de cu\u00e1ndo y d\u00f3nde debes depositarlos para evitar que queden tirados en la calle.<\/p>\n<p>No olvides rellenar correctamente tus datos de contacto.<\/p>\n<p>Tan r\u00e1pido como nos sea posible nos pondremos en contacto contigo.<\/p>\n<\/div>\n\n<div class=\"wpcf7 no-js\" id=\"wpcf7-f58-o1\" lang=\"es-AR\" dir=\"ltr\" data-wpcf7-id=\"58\">\n<div class=\"screen-reader-response\"><p role=\"status\" aria-live=\"polite\" aria-atomic=\"true\"><\/p> <ul><\/ul><\/div>\n<form action=\"\/va\/wp-json\/wp\/v2\/pages\/16#wpcf7-f58-o1\" method=\"post\" class=\"wpcf7-form init\" aria-label=\"Formulario de contacto\" novalidate=\"novalidate\" data-status=\"init\" data-trp-original-action=\"\/va\/wp-json\/wp\/v2\/pages\/16#wpcf7-f58-o1\">\n<fieldset class=\"hidden-fields-container\"><input type=\"hidden\" name=\"_wpcf7\" value=\"58\" \/><input type=\"hidden\" name=\"_wpcf7_version\" value=\"6.1.6\" \/><input type=\"hidden\" name=\"_wpcf7_locale\" value=\"es_AR\" \/><input type=\"hidden\" name=\"_wpcf7_unit_tag\" value=\"wpcf7-f58-o1\" \/><input type=\"hidden\" name=\"_wpcf7_container_post\" value=\"0\" \/><input type=\"hidden\" name=\"_wpcf7_posted_data_hash\" value=\"\" \/>\n<\/fieldset>\n<div class=\"sv-contact-form\">\n\t<p><label class=\"sv-cf-field\"><span class=\"sv-cf-label\">Nombre <em>*<\/em><\/span><span class=\"wpcf7-form-control-wrap\" data-name=\"nombre\"><input size=\"40\" maxlength=\"50\" class=\"wpcf7-form-control wpcf7-text wpcf7-validates-as-required\" aria-required=\"true\" aria-invalid=\"false\" placeholder=\"Nombre\" value=\"\" type=\"text\" name=\"nombre\" \/><\/span><\/label><br \/>\n<label class=\"sv-cf-field\"><span class=\"sv-cf-label\">Tel\u00e8fon<\/span><span class=\"wpcf7-form-control-wrap\" data-name=\"telefono\"><input size=\"40\" maxlength=\"30\" class=\"wpcf7-form-control wpcf7-tel wpcf7-text wpcf7-validates-as-tel\" aria-invalid=\"false\" placeholder=\"Tel\u00e8fon\" value=\"\" type=\"tel\" name=\"telefono\" \/><\/span><\/label><br \/>\n<label class=\"sv-cf-field\"><span class=\"sv-cf-label\">Correu electr\u00f2nic <em>*<\/em><\/span><span class=\"wpcf7-form-control-wrap\" data-name=\"email\"><input size=\"40\" maxlength=\"100\" class=\"wpcf7-form-control wpcf7-email wpcf7-validates-as-required wpcf7-text wpcf7-validates-as-email\" aria-required=\"true\" aria-invalid=\"false\" placeholder=\"Correu electr\u00f2nic\" value=\"\" type=\"email\" name=\"email\" \/><\/span><\/label><br \/>\n<label class=\"sv-cf-field\"><span class=\"sv-cf-label\">Direcci\u00f3n<\/span><span class=\"wpcf7-form-control-wrap\" data-name=\"direccion\"><input size=\"40\" maxlength=\"100\" class=\"wpcf7-form-control wpcf7-text\" aria-invalid=\"false\" placeholder=\"Direcci\u00f3n\" value=\"\" type=\"text\" name=\"direccion\" \/><\/span><\/label><br \/>\n<label class=\"sv-cf-field\"><span class=\"sv-cf-label\">N\u00ba de bultos y tipo. (max. 3 bultos por domicilio y semana) <em>*<\/em><\/span><span class=\"wpcf7-form-control-wrap\" data-name=\"mensaje\"><textarea cols=\"40\" rows=\"6\" maxlength=\"1000\" class=\"wpcf7-form-control wpcf7-textarea wpcf7-validates-as-required\" aria-required=\"true\" aria-invalid=\"false\" placeholder=\"Ej. 1 sof\u00e1 3 plazas, 2 sillas...\" name=\"mensaje\"><\/textarea><\/span><\/label><br \/>\n<label class=\"sv-cf-check\"><span class=\"wpcf7-form-control-wrap\" data-name=\"acepto\"><span class=\"wpcf7-form-control wpcf7-acceptance\"><span class=\"wpcf7-list-item\"><input type=\"checkbox\" name=\"acepto\" value=\"1\" aria-invalid=\"false\" \/><\/span><\/span><\/span> <span>Accepte el tractament de les meues dades per a la gesti\u00f3 de la meua sol\u00b7licitud d'acord amb la <a href=\"https:\/\/www.santvicentnet.com\/va\/?page_id=8\">pol\u00edtica de privacitat<\/a>.<\/span><\/label><br \/>\n<span class=\"sv-hp\" aria-hidden=\"true\"><span class=\"wpcf7-form-control-wrap\" data-name=\"sv_hp\"><input size=\"40\" maxlength=\"400\" class=\"wpcf7-form-control wpcf7-text\" aria-invalid=\"false\" value=\"\" type=\"text\" name=\"sv_hp\" \/><\/span><\/span>\n\t<\/p>\n\t<div class=\"sv-cf-actions\">\n\t\t<p><input class=\"wpcf7-form-control wpcf7-submit has-spinner sv-cf-btn\" type=\"submit\" value=\"ENVIAR\" \/><small>Els camps marcats amb * s\u00f3n obligatoris i has d'acceptar les condicions.<\/small>\n\t\t<\/p>\n\t<\/div>\n<\/div><div class=\"wpcf7-response-output\" aria-hidden=\"true\"><\/div>\n<input type=\"hidden\" name=\"trp-form-language\" value=\"va\"\/><\/form>\n<\/div>","protected":false},"excerpt":{"rendered":"<p>El Ayuntamiento, a trav\u00e9s de su concesionaria Prezero, pone a disposici\u00f3n de los vecinos de San Vicente un servicio de recogida de enseres y muebles, que se presta de Lunes a S\u00e1bado, previa cita, en horario de 6 a 12 h. Si deseas que pasen a retirar tus enseres, realiza tu petici\u00f3n en el siguiente [&hellip;]<\/p>\n","protected":false},"author":1,"featured_media":0,"parent":0,"menu_order":0,"comment_status":"closed","ping_status":"closed","template":"","meta":{"_sv_page_css":"","footnotes":""},"class_list":["post-16","page","type-page","status-publish","hentry"],"_links":{"self":[{"href":"https:\/\/www.santvicentnet.com\/va\/wp-json\/wp\/v2\/pages\/16","targetHints":{"allow":["GET"]}}],"collection":[{"href":"https:\/\/www.santvicentnet.com\/va\/wp-json\/wp\/v2\/pages"}],"about":[{"href":"https:\/\/www.santvicentnet.com\/va\/wp-json\/wp\/v2\/types\/page"}],"author":[{"embeddable":true,"href":"https:\/\/www.santvicentnet.com\/va\/wp-json\/wp\/v2\/users\/1"}],"replies":[{"embeddable":true,"href":"https:\/\/www.santvicentnet.com\/va\/wp-json\/wp\/v2\/comments?post=16"}],"version-history":[{"count":2,"href":"https:\/\/www.santvicentnet.com\/va\/wp-json\/wp\/v2\/pages\/16\/revisions"}],"predecessor-version":[{"id":64,"href":"https:\/\/www.santvicentnet.com\/va\/wp-json\/wp\/v2\/pages\/16\/revisions\/64"}],"wp:attachment":[{"href":"https:\/\/www.santvicentnet.com\/va\/wp-json\/wp\/v2\/media?parent=16"}],"curies":[{"name":"wp","href":"https:\/\/api.w.org\/{rel}","templated":true}]}}