{"id":72,"date":"2026-06-25T12:08:09","date_gmt":"2026-06-25T12:08:09","guid":{"rendered":"https:\/\/www.santvicentnet.com\/?page_id=72"},"modified":"2026-07-21T10:54:46","modified_gmt":"2026-07-21T10:54:46","slug":"inicio","status":"publish","type":"page","link":"https:\/\/www.santvicentnet.com\/va\/","title":{"rendered":"Inici"},"content":{"rendered":"<section class=\"sv-hero\">\r\n\t\t<img fetchpriority=\"high\" decoding=\"async\" src=\"https:\/\/www.santvicentnet.com\/wp-content\/uploads\/2026\/05\/upscalemedia-transformed.webp\" alt=\"Sant Vicent del Raspeig\">\r\n\t<\/section>\r\n\r\n\t<section class=\"sv-band sv-fade\">\r\n\t\t<h2>Atenci\u00f3 Ciutadana \/ Servicis En L\u00ednia<\/h2>\r\n\t\t<p>Tel\u00e8fon d'Atenci\u00f3 a l'usuari:<\/p>\r\n\t\t<div class=\"sv-phone\">900 102 951<\/div>\r\n\t<\/section>\r\n\r\n\t<section class=\"sv-cards\">\r\n\t\t<div class=\"sv-cards-grid sv-reveal-stagger\">\r\n\t\t\t\t\t\t\t<a class=\"sv-card\" href=\"https:\/\/www.santvicentnet.com\/va\/?page_id=6\">\r\n\t\t\t\t\t<div class=\"sv-card-icon\"><img loading=\"lazy\" decoding=\"async\" src=\"https:\/\/www.santvicentnet.com\/wp-content\/themes\/hello-elementor-child\/assets\/icon-buzon.svg\" alt=\"\"><\/div>\r\n\t\t\t\t\t<h3>B\u00fastia ciutadana<\/h3>\r\n\t\t\t\t\t<p>La b\u00fastia ciutadana \u00e9s un canal de comunicaci\u00f3 entre el ciutad\u00e0 i l'Ajuntament. Qualsevol dubte, suggeriment o queixa ser\u00e0 atesa com m\u00e9s prompte millor.<\/p>\r\n\t\t\t\t\t<span class=\"more\" data-hover=\"Acceder \u2192\"><span>Veure m\u00e9s<\/span><\/span>\r\n\t\t\t\t<\/a>\r\n\t\t\t\t\t\t\t<a class=\"sv-card\" href=\"https:\/\/www.santvicentnet.com\/va\/?page_id=17\">\r\n\t\t\t\t\t<div class=\"sv-card-icon\"><img loading=\"lazy\" decoding=\"async\" src=\"https:\/\/www.santvicentnet.com\/wp-content\/themes\/hello-elementor-child\/assets\/icon-incidencias.svg\" alt=\"\"><\/div>\r\n\t\t\t\t\t<h3>Incid\u00e8ncies en contenidors<\/h3>\r\n\t\t\t\t\t<p>Si detectes un mal funcionament d'un contenidor pots comunicar-nos-ho per a procedir a la seua reparaci\u00f3.<\/p>\r\n\t\t\t\t\t<span class=\"more\" data-hover=\"Acceder \u2192\"><span>Veure m\u00e9s<\/span><\/span>\r\n\t\t\t\t<\/a>\r\n\t\t\t\t\t\t\t<a class=\"sv-card\" href=\"https:\/\/www.santvicentnet.com\/va\/?page_id=16\">\r\n\t\t\t\t\t<div class=\"sv-card-icon\"><img loading=\"lazy\" decoding=\"async\" src=\"https:\/\/www.santvicentnet.com\/wp-content\/themes\/hello-elementor-child\/assets\/icon-enseres.svg\" alt=\"\"><\/div>\r\n\t\t\t\t\t<h3>Recogida de muebles<\/h3>\r\n\t\t\t\t\t<p>Tot tipus de mobles i estris necessiten un tractament especial, sobretot en la seua recollida.<\/p>\r\n\t\t\t\t\t<span class=\"more\" data-hover=\"Acceder \u2192\"><span>Veure m\u00e9s<\/span><\/span>\r\n\t\t\t\t<\/a>\r\n\t\t\t\t\t\t\t<a class=\"sv-card\" href=\"https:\/\/www.santvicentnet.com\/va\/?page_id=15\">\r\n\t\t\t\t\t<div class=\"sv-card-icon\"><img loading=\"lazy\" decoding=\"async\" src=\"https:\/\/www.santvicentnet.com\/wp-content\/themes\/hello-elementor-child\/assets\/icon-vegetales.svg\" alt=\"\"><\/div>\r\n\t\t\t\t\t<h3>Recollida de restes vegetals<\/h3>\r\n\t\t\t\t\t<p>Des d'ac\u00ed pots sol\u00b7licitar la recollida de restes vegetals per part de l'ajuntament.<\/p>\r\n\t\t\t\t\t<span class=\"more\" data-hover=\"Acceder \u2192\"><span>Veure m\u00e9s<\/span><\/span>\r\n\t\t\t\t<\/a>\r\n\t\t\t\t\t\t\t<a class=\"sv-card\" href=\"https:\/\/www.santvicentnet.com\/va\/?page_id=14\">\r\n\t\t\t\t\t<div class=\"sv-card-icon\"><img loading=\"lazy\" decoding=\"async\" src=\"https:\/\/www.santvicentnet.com\/wp-content\/themes\/hello-elementor-child\/assets\/icon-carton.svg\" alt=\"\"><\/div>\r\n\t\t\t\t\t<h3>Recollida de cart\u00f3 comercial porta a porta<\/h3>\r\n\t\t\t\t\t<p>Los comercios que quieran que se les recoja el cart\u00f3n puede consultar aqu\u00ed los horarios en los que pueden hacer uso de este servicio.<\/p>\r\n\t\t\t\t\t<span class=\"more\" data-hover=\"Acceder \u2192\"><span>Veure m\u00e9s<\/span><\/span>\r\n\t\t\t\t<\/a>\r\n\t\t\t\t\t\t\t<a class=\"sv-card\" href=\"https:\/\/www.santvicentnet.com\/va\/?page_id=13\">\r\n\t\t\t\t\t<div class=\"sv-card-icon\"><img loading=\"lazy\" decoding=\"async\" src=\"https:\/\/www.santvicentnet.com\/wp-content\/themes\/hello-elementor-child\/assets\/icon-ecoparque.svg\" alt=\"\"><\/div>\r\n\t\t\t\t\t<h3>Ecoparc<\/h3>\r\n\t\t\t\t\t<p>Si eres vecino de San Vicente puedes hacer uso del Ecoparque para reciclar tus residuos.<\/p>\r\n\t\t\t\t\t<span class=\"more\" data-hover=\"Acceder \u2192\"><span>Veure m\u00e9s<\/span><\/span>\r\n\t\t\t\t<\/a>\r\n\t\t\t\t\t\t\t<a class=\"sv-card\" href=\"https:\/\/www.santvicentnet.com\/va\/?page_id=12\">\r\n\t\t\t\t\t<div class=\"sv-card-icon\"><img loading=\"lazy\" decoding=\"async\" src=\"https:\/\/www.santvicentnet.com\/wp-content\/themes\/hello-elementor-child\/assets\/icon-contenedores.svg\" alt=\"\"><\/div>\r\n\t\t\t\t\t<h3>Tipos de contenedores de residuos, uso y ubicaci\u00f3n<\/h3>\r\n\t\t\t\t\t<p>Conoce los tipos de contenedores del municipio, qu\u00e9 tipos de residuos hay que echar en cada uno y su localizaci\u00f3n.<\/p>\r\n\t\t\t\t\t<span class=\"more\" data-hover=\"Acceder \u2192\"><span>Veure m\u00e9s<\/span><\/span>\r\n\t\t\t\t<\/a>\r\n\t\t\t\t\t\t\t<a class=\"sv-card\" href=\"https:\/\/www.santvicentnet.com\/va\/?page_id=11\">\r\n\t\t\t\t\t<div class=\"sv-card-icon\"><img loading=\"lazy\" decoding=\"async\" src=\"https:\/\/www.santvicentnet.com\/wp-content\/themes\/hello-elementor-child\/assets\/icon-consejos.svg\" alt=\"\"><\/div>\r\n\t\t\t\t\t<h3>Consells per a mantindre la teua ciutat neta<\/h3>\r\n\t\t\t\t\t<p>Apr\u00e9n uns consells b\u00e0sics per a aconseguir que la teua ciutat estiga cada dia m\u00e9s neta.<\/p>\r\n\t\t\t\t\t<span class=\"more\" data-hover=\"Acceder \u2192\"><span>Veure m\u00e9s<\/span><\/span>\r\n\t\t\t\t<\/a>\r\n\t\t\t\t\t<\/div>\r\n\t<\/section>\r\n\r\n\t<section class=\"sv-triple sv-reveal-stagger\">\r\n\t\t\t\t\t<a class=\"sv-triple-col\" href=\"https:\/\/raspeig.es\/\" target=\"_blank\" rel=\"noopener\">\r\n\t\t\t\t<h3>Portal de l'Ajuntament<\/h3>\r\n\t\t\t\t<img loading=\"lazy\" decoding=\"async\" src=\"https:\/\/www.santvicentnet.com\/wp-content\/themes\/hello-elementor-child\/assets\/block1.webp\" alt=\"Portal de l&#039;Ajuntament\">\r\n\t\t\t\t<p>Benvinguts al nou portal web de l'Ajuntament de Sant Vicent del Raspeig, m\u00e9s modern, visual i funcional. Nous continguts informatius i divulgatius, i m\u00e9s facilitats per a l'acc\u00e9s a l'administraci\u00f3 electr\u00f2nica i als servicis municipals.<\/p>\r\n\t\t\t\t<span class=\"more\" data-hover=\"Acceder \u2192\"><span>Veure m\u00e9s<\/span><\/span>\r\n\t\t\t<\/a>\r\n\t\t\t\t\t<a class=\"sv-triple-col\" href=\"https:\/\/www.santvicentnet.com\/va\/?page_id=18\">\r\n\t\t\t\t<h3>Educaci\u00f3 ambiental<\/h3>\r\n\t\t\t\t<img loading=\"lazy\" decoding=\"async\" src=\"https:\/\/www.santvicentnet.com\/wp-content\/themes\/hello-elementor-child\/assets\/block2.webp\" alt=\"Educaci\u00f3 ambiental\">\r\n\t\t\t\t<p>Des de l'Ajuntament de Sant Vicent del Raspeig apostem per la cura del Medi Ambient, i fomentem el respecte per este a trav\u00e9s d'un programa d'Educaci\u00f3 ambiental que comen\u00e7a des dels m\u00e9s menuts.<\/p>\r\n\t\t\t\t<span class=\"more\" data-hover=\"Acceder \u2192\"><span>Veure m\u00e9s<\/span><\/span>\r\n\t\t\t<\/a>\r\n\t\t\t\t\t<a class=\"sv-triple-col\" href=\"https:\/\/prezero.com\/es\" target=\"_blank\" rel=\"noopener\">\r\n\t\t\t\t<h3>Visita la nostra Web<\/h3>\r\n\t\t\t\t<img loading=\"lazy\" decoding=\"async\" src=\"https:\/\/www.santvicentnet.com\/wp-content\/themes\/hello-elementor-child\/assets\/block3.webp\" alt=\"Visita la nostra Web\">\r\n\t\t\t\t<p>PreZero a Espanya i Portugal \u00e9s una de les principals companyies del sector de servicis mediambientals a Espanya i Portugal. Oferim solucions d'\u00faltima generaci\u00f3 en servicis urbans essencials, tractament de residus i economia circular per a clients p\u00fablics i privats en m\u00e9s de 600 municipis.<\/p>\r\n\t\t\t\t<span class=\"more\" data-hover=\"Acceder \u2192\"><span>Veure m\u00e9s<\/span><\/span>\r\n\t\t\t<\/a>\r\n\t\t\t<\/section>","protected":false},"excerpt":{"rendered":"<p>Atenci\u00f3n Ciudadana \/ Servicios On-Line Tel\u00e9fono de Atenci\u00f3n al usuario: 900 102 951 Buz\u00f3n ciudadano El buz\u00f3n ciudadano es un canal de comunicaci\u00f3n entre el ciudadano y el Ayuntamiento. Cualquier duda, sugerencia o queja ser\u00e1 atendida lo m\u00e1s r\u00e1pido posible. Ver m\u00e1s Incidencias en contenedores Si detectas un mal funcionamiento de un contenedor puedes comunic\u00e1rnoslo [&hellip;]<\/p>\n","protected":false},"author":1,"featured_media":0,"parent":0,"menu_order":0,"comment_status":"closed","ping_status":"closed","template":"","meta":{"_sv_page_css":"\/* ---------- HERO ---------- *\/\n.sv-hero { max-width: 1440px; margin-left: auto; margin-right: auto; } .sv-hero img {\n\twidth: 100%;\n\theight: auto;\n\tdisplay: block;\n\tborder-top-left-radius: 24px;\n\tborder-top-right-radius: 24px;\n}\n\n\/* ---------- ATENCI\u00d3N BAND ---------- *\/\n.sv-band {\n\tmax-width: 1440px;\n\tmargin-left: auto;\n\tmargin-right: auto;\n\tbackground: var(--sv-light);\n\tpadding: 56px 24px;\n\ttext-align: center;\n\tborder-bottom-left-radius: 24px;\n\tborder-bottom-right-radius: 24px;\n}\n.sv-band h2 {\n\tmargin: 0 0 28px;\n\tfont-size: 30px;\n\tfont-weight: 600;\n\tcolor: #1a1a1a;\n}\n.sv-band p { margin: 0 0 8px; font-size: 16px; }\n.sv-phone {\n\tfont-family: \"Courier New\", monospace;\n\tfont-size: 36px;\n\tfont-weight: 700;\n\tletter-spacing: 4px;\n}\n\n\/* ---------- CARDS ---------- *\/\n.sv-cards {\n\tpadding: 80px 24px;\n}\n.sv-cards-grid {\n\tdisplay: grid;\n\tgrid-template-columns: repeat(4, 1fr);\n\tgap: 18px;\n\tmax-width: 1440px;\n\tmargin: 0 auto;\n}\n.sv-card {\n\tbackground: var(--sv-card-bg);\n\tborder: 1px solid var(--sv-card-border);\n\tborder-radius: 16px;\n\tpadding: 44px 28px 36px;\n\ttext-align: center;\n\tdisplay: flex;\n\tflex-direction: column;\n\talign-items: center;\n\tmin-height: 380px;\n}\n.sv-card-icon {\n\tcolor: var(--sv-dark);\n\tmargin-bottom: 24px;\n\twidth: 72px;\n\theight: 72px;\n\tdisplay: flex;\n\talign-items: center;\n\tjustify-content: center;\n}\n.sv-card-icon svg,\n.sv-card-icon img {\n\twidth: 72px;\n\theight: 72px;\n\tobject-fit: contain;\n}\n.sv-card-icon img.sv-icon-zoom {\n\twidth: 100px;\n\theight: 100px;\n}\n.sv-card h3 {\n\tmargin: 0 0 20px;\n\tcolor: var(--sv-dark);\n\tfont-size: 22px;\n\tfont-weight: 700;\n\tline-height: 1.25;\n}\n.sv-card p {\n\tfont-size: 16px;\n\tline-height: 1.55;\n\tcolor: #333;\n\tmargin: 0 0 26px;\n\tflex: 1;\n\tdisplay: flex;\n\talign-items: center;\n\tjustify-content: center;\n\ttext-align: center;\n\tmin-height: 120px;\n}\n.sv-card { text-decoration: none; color: inherit; }\n.sv-triple-col { text-decoration: none; color: inherit; }\n.sv-card .more, .sv-triple-col .more { cursor: pointer; }\n.sv-card .more {\n\tcolor: var(--sv-dark);\n\tfont-size: 17px;\n\tfont-weight: 700;\n\ttext-decoration: underline;\n\tposition: relative;\n\tdisplay: inline-block;\n}\n.sv-card .more span { transition: opacity .25s ease; }\n.sv-card .more::after {\n\tcontent: attr(data-hover);\n\tposition: absolute;\n\tleft: 0;\n\tright: 0;\n\ttop: 0;\n\topacity: 0;\n\ttransition: opacity .25s ease;\n\twhite-space: nowrap;\n\ttext-align: center;\n}\n.sv-card:hover a.more span { opacity: 0; }\n.sv-card:hover a.more::after { opacity: 1; }\n\n.sv-card {\n\tposition: relative;\n\toverflow: hidden;\n\tz-index: 0;\n\ttransition: border-color .5s ease, transform .5s cubic-bezier(.22,.61,.36,1), box-shadow .5s ease;\n\tcursor: pointer;\n}\n.sv-card::before {\n\tcontent: \"\";\n\tposition: absolute;\n\tinset: 0;\n\tbackground: var(--sv-dark);\n\ttransform: scaleY(0);\n\ttransform-origin: bottom;\n\ttransition: transform .5s cubic-bezier(.22,.61,.36,1);\n\tz-index: -1;\n}\n.sv-card:hover::before { transform: scaleY(1); }\n.sv-card h3, .sv-card p, .sv-card .more, .sv-card-icon {\n\ttransition: color .45s ease .05s;\n\tposition: relative;\n\tz-index: 1;\n}\n.sv-card .sv-card-icon svg { transition: stroke .45s ease .05s; }\n.sv-card .sv-card-icon img { transition: filter .45s ease .05s; }\n.sv-card:hover {\n\tborder-color: var(--sv-dark);\n\ttransform: translateY(-4px);\n\tbox-shadow: 0 12px 28px rgba(0,161,61,.25);\n}\n.sv-card:hover h3,\n.sv-card:hover p,\n.sv-card:hover a.more,\n.sv-card:hover .sv-card-icon { color: #fff; }\n.sv-card:hover .sv-card-icon svg { stroke: #fff; }\n.sv-card:hover .sv-card-icon img { filter: brightness(0) invert(1); }\n\n\/* ---------- TRIPLE BLOCKS ---------- *\/\n.sv-triple {\n\tmax-width: 1440px;\n\tmargin-left: auto;\n\tmargin-right: auto;\n\tdisplay: grid;\n\tgrid-template-columns: repeat(3, 1fr);\n\tgap: 24px;\n\tmargin-bottom: 60px;\n}\n.sv-triple-col {\n\tbackground: var(--sv-light);\n\tpadding: 32px 0 40px;\n\tborder-radius: 12px;\n\toverflow: hidden;\n\tdisplay: flex;\n\tflex-direction: column;\n}\n.sv-triple-col p { flex: 1; }\n.sv-triple-col {\n\tcursor: pointer;\n\tposition: relative;\n\tz-index: 0;\n\ttransition: transform .5s cubic-bezier(.22,.61,.36,1), box-shadow .5s ease;\n}\n.sv-triple-col::before {\n\tcontent: \"\";\n\tposition: absolute;\n\tinset: 0;\n\tbackground: #00a13d;\n\ttransform: scaleY(0);\n\ttransform-origin: bottom;\n\ttransition: transform .5s cubic-bezier(.22,.61,.36,1);\n\tz-index: -1;\n}\n.sv-triple-col h3, .sv-triple-col p, .sv-triple-col .more {\n\tposition: relative;\n\tz-index: 1;\n}\n.sv-triple-col h3,\n.sv-triple-col p,\n.sv-triple-col .more {\n\tpadding-left: 28px;\n\tpadding-right: 28px;\n}\n.sv-triple-col h3 {\n\tmargin: 0 0 22px;\n\tfont-size: 30px;\n\tfont-weight: 400;\n\tcolor: #1a1a1a;\n\ttext-align: center;\n\tword-spacing: 8px;\n}\n.sv-triple-col img {\n\twidth: 100%;\n\taspect-ratio: 16 \/ 9;\n\tobject-fit: cover;\n\tmargin-bottom: 22px;\n\tdisplay: block;\n}\n.sv-triple-col p {\n\tfont-size: 16px;\n\tline-height: 1.55;\n\tcolor: #1a1a1a;\n\tmargin: 0 0 18px;\n\ttext-align: center;\n\tfont-weight: 600;\n}\n.sv-triple-col .more {\n\tdisplay: block;\n\ttext-align: center;\n\tcolor: #1a1a1a;\n\tfont-size: 18px;\n\tfont-weight: 700;\n\ttext-decoration: underline;\n\tmargin-top: 24px;\n\tposition: relative;\n}\n.sv-triple-col .more span { transition: opacity .25s ease; display: inline-block; }\n.sv-triple-col .more::after {\n\tcontent: attr(data-hover);\n\tposition: absolute;\n\tleft: 0;\n\tright: 0;\n\ttop: 0;\n\topacity: 0;\n\ttransition: opacity .25s ease;\n\twhite-space: nowrap;\n\ttext-align: center;\n}\n\n@media (hover: none), (pointer: coarse) {\n\t.sv-card, .sv-triple-col { cursor: default; }\n\t.sv-card::before, .sv-triple-col::before {\n\t\tcontent: none !important;\n\t\ttransform: none !important;\n\t\tbackground: transparent !important;\n\t}\n\t.sv-card:hover h3, .sv-card:hover p, .sv-card:hover a.more,\n\t.sv-card:hover .sv-card-icon,\n\t.sv-triple-col:hover h3, .sv-triple-col:hover p, .sv-triple-col:hover a.more {\n\t\tcolor: inherit !important;\n\t}\n\t.sv-card:hover .sv-card-icon svg { stroke: var(--sv-dark) !important; }\n\t.sv-card:hover .sv-card-icon img { filter: none !important; }\n\t.sv-card:hover, .sv-triple-col:hover {\n\t\ttransform: none !important;\n\t\tbox-shadow: none !important;\n\t\tborder-color: var(--sv-card-border) !important;\n\t}\n\t.sv-card:hover a.more span,\n\t.sv-triple-col:hover a.more span { opacity: 1 !important; }\n\t.sv-card:hover a.more::after,\n\t.sv-triple-col:hover a.more::after { opacity: 0 !important; }\n}\n\n\/* responsive home *\/\n@media (max-width: 1024px) {\n\t.sv-cards-grid { grid-template-columns: repeat(2, 1fr); }\n\t.sv-triple { grid-template-columns: 1fr; }\n}\n@media (max-width: 640px) {\n\t.sv-cards-grid { grid-template-columns: 1fr; }\n\t.sv-band h2 { font-size: 22px; }\n\t.sv-phone { font-size: 26px; letter-spacing: 2px; }\n}\n","footnotes":""},"class_list":["post-72","page","type-page","status-publish","hentry"],"_links":{"self":[{"href":"https:\/\/www.santvicentnet.com\/va\/wp-json\/wp\/v2\/pages\/72","targetHints":{"allow":["GET"]}}],"collection":[{"href":"https:\/\/www.santvicentnet.com\/va\/wp-json\/wp\/v2\/pages"}],"about":[{"href":"https:\/\/www.santvicentnet.com\/va\/wp-json\/wp\/v2\/types\/page"}],"author":[{"embeddable":true,"href":"https:\/\/www.santvicentnet.com\/va\/wp-json\/wp\/v2\/users\/1"}],"replies":[{"embeddable":true,"href":"https:\/\/www.santvicentnet.com\/va\/wp-json\/wp\/v2\/comments?post=72"}],"version-history":[{"count":3,"href":"https:\/\/www.santvicentnet.com\/va\/wp-json\/wp\/v2\/pages\/72\/revisions"}],"predecessor-version":[{"id":118,"href":"https:\/\/www.santvicentnet.com\/va\/wp-json\/wp\/v2\/pages\/72\/revisions\/118"}],"wp:attachment":[{"href":"https:\/\/www.santvicentnet.com\/va\/wp-json\/wp\/v2\/media?parent=72"}],"curies":[{"name":"wp","href":"https:\/\/api.w.org\/{rel}","templated":true}]}}