{"id":8,"date":"2026-05-20T18:48:50","date_gmt":"2026-05-20T18:48:50","guid":{"rendered":"https:\/\/www.santvicentnet.com\/?page_id=8"},"modified":"2026-06-25T11:01:03","modified_gmt":"2026-06-25T11:01:03","slug":"politica-privacidad","status":"publish","type":"page","link":"https:\/\/www.santvicentnet.com\/va\/politica-privacidad\/","title":{"rendered":"Pol\u00edtica de privacitat"},"content":{"rendered":"<h2 class=\"sv-pp-h2\">1. INFORMACI\u00d3 B\u00c0SICA<\/h2>\n<div class=\"sv-pp-table\">\n<div class=\"sv-pp-row\">\n<div class=\"sv-pp-cell sv-pp-label\">Responsable del tractament<\/div>\n<div class=\"sv-pp-cell\">Ajuntament de Sant Vicent del Raspeig<\/div>\n<\/p><\/div>\n<div class=\"sv-pp-row sv-pp-row-head\">\n<div class=\"sv-pp-cell sv-pp-label\">Finalitats de tractament<\/div>\n<div class=\"sv-pp-cell sv-pp-label\">Bases Jur\u00eddiques per al tractament<\/div>\n<\/p><\/div>\n<div class=\"sv-pp-row\">\n<div class=\"sv-pp-cell\">Gesti\u00f3 d'usuaris i atenci\u00f3 de les seues sol\u00b7licituds i suggeriments<\/div>\n<div class=\"sv-pp-cell\">Manteniment i execuci\u00f3 de la relaci\u00f3 jur\u00eddica establida<\/div>\n<\/p><\/div>\n<div class=\"sv-pp-row\">\n<div class=\"sv-pp-cell\">Compliment d'obligacions legals aplicables a l'Ajuntament de Sant Vicent del Raspeig<\/div>\n<div class=\"sv-pp-cell\">Compliment d'obligacions legals<\/div>\n<\/p><\/div>\n<div class=\"sv-pp-row\">\n<div class=\"sv-pp-cell\">Prevenci\u00f3 del frau<\/div>\n<div class=\"sv-pp-cell\">Inter\u00e9s leg\u00edtim<\/div>\n<\/p><\/div>\n<div class=\"sv-pp-row\">\n<div class=\"sv-pp-cell sv-pp-label\">Destinataris<\/div>\n<div class=\"sv-pp-cell\">\n\t\t\t\t\t\t&#8211; Administracions P\u00fabliques<br \/>\n\t\t\t\t\t\t&#8211; Encarregats del Tractament, alguns dels quals es troben ubicats fora de l'EEE.\n\t\t\t\t\t<\/div>\n<\/p><\/div>\n<div class=\"sv-pp-row\">\n<div class=\"sv-pp-cell sv-pp-label\">Drets<\/div>\n<div class=\"sv-pp-cell\">Acc\u00e9s, rectificaci\u00f3, supressi\u00f3, limitaci\u00f3 del tractament, oposici\u00f3, portabilitat, oposici\u00f3 a decisions individuals automatitzades i revocaci\u00f3 del consentiment.<\/div>\n<\/p><\/div>\n<\/p><\/div>\n<h2 class=\"sv-pp-h2\">2. INFORMACI\u00d3 ADDICIONAL<\/h2>\n<p>La present Pol\u00edtica de Privacitat regula el tractament de les dades arreplegades per part de l'Ajuntament de Sant Vicent del Raspeig (d'ara en avant, la \u00abSocietat\u00bb) a trav\u00e9s de la present web (d'ara en avant, el \u00abLloc Web\u00bb). La present Pol\u00edtica forma part integrant de l'Av\u00eds Legal.<\/p>\n<p>L'Usuari garantix que les dades aportades s\u00f3n verdaderes, exactes, completes i actualitzades, i \u00e9s responsable de qualsevol dany o perjudici, directe o indirecte, que poguera ocasionar-se com a conseq\u00fc\u00e8ncia de l'incompliment de tal obligaci\u00f3. Quan l'usuari facilite dades de car\u00e0cter personal relatives a tercers, garantix que els ha informats del contingut de la present Pol\u00edtica de Privacitat i que ha obtingut el seu consentiment previ per a facilitar-nos les seues dades personals o compta amb una altra base legitimadora v\u00e0lida, a fi que estes siguen tractades amb les finalitats que en cada cas processa. La Societat es reserva el dret de sol\u00b7licitar evid\u00e8ncia documental respecte al compliment d'esta obligaci\u00f3.<\/p>\n<p>Respecte de les dades personals sol\u00b7licitades a trav\u00e9s dels formularis habilitats, ser\u00e0 necessari que l'Usuari aporte, com a m\u00ednim, aquelles marcades amb un asterisc o determinades d'una altra manera com a obligat\u00f2ries o necess\u00e0ries en el formulari o canal d'arreplega de dades de qu\u00e8 es tracte, ja que, si no se subministraren estes dades considerades necess\u00e0ries, la Societat no podr\u00e0 acceptar i gestionar la seua sol\u00b7licitud.<\/p>\n<p>La Societat podr\u00e0 modificar, totalment o parcialment, esta Pol\u00edtica de Privacitat quan siga necessari. En cas que es modifique la Pol\u00edtica de Privacitat, l'hi comunicarem a trav\u00e9s de qualsevol tipus de comunicaci\u00f3, a fi d'assegurar-nos que estiga informat dels nous termes de privacitat aplicables a l'activitat de la Societat. Si continua fent \u00fas de la web despr\u00e9s que li h\u00e0gem informat dels canvis introdu\u00efts en la nostra Pol\u00edtica de Privacitat, significar\u00e0 que est\u00e0 d'acord amb els nous termes, excepte en relaci\u00f3 amb possibles finalitats de tractament de dades en qu\u00e8 es requerisca el seu consentiment.<\/p>\n<h3 class=\"sv-pp-h3\">QUI \u00c9S EL RESPONSABLE DEL TRACTAMENT DE LES DADES PERSONALS DE L'USUARI?<\/h3>\n<ul class=\"sv-pp-list\">\n<li><strong>Identitat:<\/strong> Ajuntament de Sant Vicent del Raspeig<\/li>\n<li><strong>NIF:<\/strong> P-0312200-I<\/li>\n<li><strong>Adre\u00e7a postal:<\/strong> Pla\u00e7a de la Comunitat Valenciana, 1, 03690 Sant Vicent del Raspeig<\/li>\n<li><strong>Tel\u00e8fon:<\/strong> 965675065<\/li>\n<li><strong>Delegat de Protecci\u00f3 de Dades:<\/strong> <a href=\"mailto:dpd@raspeig.org\">dpd@raspeig.org<\/a><\/li>\n<\/ul>\n<h3 class=\"sv-pp-h3\">QUIN \u00c9S L'ORIGEN DE LES DADES PERSONALS QUE TRACTEM?<\/h3>\n<p>Les dades personals que tractem s\u00f3n les que l'Usuari ens ha proporcionat directament a trav\u00e9s de les seues interaccions i formularis habilitats en esta p\u00e0gina web. En conseq\u00fc\u00e8ncia, \u00e9s sempre l'Usuari l'origen de les dades que tractem.<\/p>\n<h3 class=\"sv-pp-h3\">QUINES DADES PERSONALS TRACTEM?<\/h3>\n<p>Les dades personals tractades per la Societat com a conseq\u00fc\u00e8ncia de les interaccions realitzades pels Usuaris a trav\u00e9s de la Web provenen de les dades personals facilitades pels Usuaris a trav\u00e9s dels formularis posats a disposici\u00f3 per la Societat.<\/p>\n<p>En particular, la Societat pot tractar les categories de dades seg\u00fcents:<\/p>\n<ul class=\"sv-pp-list\">\n<li><strong>Dades identificatives:<\/strong> nom i cognoms, IP de l'usuari.<\/li>\n<li><strong>Dades de contacte:<\/strong> n\u00famero de tel\u00e8fon, correu electr\u00f2nic, localitat.<\/li>\n<li><strong>Dades de navegaci\u00f3:<\/strong> domini i host des del qual s'accedix a Internet; adre\u00e7a d'Internet de la Web; data i hora en qu\u00e8 s'accedix a la Web i temps que s'hi passa; adre\u00e7a IP (Protocol d'Internet), sistema operatiu del seu dispositiu i programari del seu navegador.<\/li>\n<li><strong>Altres categories de dades:<\/strong> informaci\u00f3 del servici sol\u00b7licitat, observacions i notes facilitades pel sol\u00b7licitant en els camps de text posats a disposici\u00f3 en la web.<\/li>\n<\/ul>\n<h3 class=\"sv-pp-h3\">AMB QUINA FINALITAT TRACTEM LES DADES PERSONALS DE L'USUARI I AMB QUINA BASE DE LEGITIMACI\u00d3?<\/h3>\n<p>Les dades personals que l'Usuari ens proporcione podran ser tractades per la Societat per a qualsevol de les finalitats que es detallen a continuaci\u00f3; en funci\u00f3 del tipus de dades que ens proporcione i la base jur\u00eddica que legitima el tractament, seran tractades per la Societat amb la finalitat de registrar des de la Web els usuaris, administrar la base de dades d'usuaris i respondre les sol\u00b7licituds o preguntes.<\/p>\n<p>Amb m\u00e9s detall, la Societat podr\u00e0 tractar les seues dades amb les finalitats seg\u00fcents:<\/p>\n<h4 class=\"sv-pp-h4\">Gesti\u00f3 d'usuaris, atenci\u00f3 de sol\u00b7licituds i suggeriments:<\/h4>\n<ul class=\"sv-pp-list\">\n<li><strong>Finalitat:<\/strong> Gestionar sol\u00b7licituds, incid\u00e8ncies, queixes, suggeriments o reclamacions relatives als contenidors, recollida d'estris i mobles, poda i restes vegetals, cart\u00f3, etc.<\/li>\n<li><strong>Dades tractades:<\/strong> dades identificatives, dades de contacte, altres categories de dades.<\/li>\n<li><strong>Base de legitimaci\u00f3:<\/strong> la base legitimadora per a esta finalitat \u00e9s l'execuci\u00f3 i manteniment de la relaci\u00f3 jur\u00eddica establida.<\/li>\n<\/ul>\n<h4 class=\"sv-pp-h4\">Compliment d'obligacions legals pr\u00f2pies de la Societat en relaci\u00f3 amb la Web:<\/h4>\n<ul class=\"sv-pp-list\">\n<li><strong>Finalitat:<\/strong> Compliment d'obligacions legals de la Societat en relaci\u00f3 amb la Web, sempre que siga necessari per a aix\u00f2 el tractament de dades dels Usuaris.<\/li>\n<li><strong>Dades tractades per a esta finalitat:<\/strong> dades identificatives, dades de contacte, dades de navegaci\u00f3.<\/li>\n<li><strong>Base de legitimaci\u00f3:<\/strong> la base legitimadora d'esta finalitat \u00e9s el compliment d'obligacions legals aplicables a la Societat.<\/li>\n<\/ul>\n<h4 class=\"sv-pp-h4\">Prevenci\u00f3 del frau:<\/h4>\n<ul class=\"sv-pp-list\">\n<li><strong>Finalitat:<\/strong> Tractarem les seues dades per a complir les normes legals i corporatives establides, aix\u00ed com per a cooperar amb les autoritats competents per a previndre delictes o fraus.<\/li>\n<li><strong>Dades tractades per a esta finalitat:<\/strong> Dades identificatives, dades de contacte i dades de navegaci\u00f3 web.<\/li>\n<li><strong>Base de Legitimaci\u00f3:<\/strong> Inter\u00e9s leg\u00edtim de la Societat. L'interessat podr\u00e0 oposar-se al tractament d'estes dades basat en l'inter\u00e9s leg\u00edtim de la Societat.<\/li>\n<\/ul>\n<h3 class=\"sv-pp-h3\">A QUINS DESTINATARIS ES COMUNICARAN LES SEUES DADES?<\/h3>\n<p>Les dades personals arreplegades per la Societat podran ser comunicades als destinataris seg\u00fcents, d'acord amb la base legitimadora de la comunicaci\u00f3:<\/p>\n<p>Per a complir les obligacions legals aplicables, podrem comunicar les seues dades a:<\/p>\n<ul class=\"sv-pp-list\">\n<li>Administracions P\u00fabliques per al compliment d'obligacions legals de la Societat o per a atendre les sol\u00b7licituds, queixes i reclamacions presentades pels Usuaris.<\/li>\n<li>Ag\u00e8ncia Tribut\u00e0ria i la resta d'administracions competents per al compliment d'obligacions legals de la Societat.<\/li>\n<\/ul>\n<p>Igualment, la Societat informa els usuaris que les dades personals podran ser comunicades a prove\u00efdors de servicis de la Societat que actuen com a encarregats del tractament de dades, alguns dels quals podran estar situats fora de l'Espai Econ\u00f2mic Europeu (EEE) en pa\u00efsos que no compten amb un nivell equivalent a l'europeu en relaci\u00f3 amb les garanties en mat\u00e8ria de protecci\u00f3 de dades.<\/p>\n<p>En cas que la Societat duga a terme tals comunicacions de dades, garantix que, amb car\u00e0cter previ, ha habilitat els mitjans oportuns per a garantir l'aplicaci\u00f3 de garanties jur\u00eddiques adequades en relaci\u00f3 amb tals comunicacions de dades.<\/p>\n<p>Les garanties jur\u00eddiques adequades que ha d'aplicar la Societat podran consistir en la formalitzaci\u00f3 amb el destinatari de les dades de Cl\u00e0usules Contractuals Tipus aprovades per la Comissi\u00f3 Europea per a legitimar la transfer\u00e8ncia internacional de dades a tercers pa\u00efsos o qualsevol altre instrument jur\u00eddic v\u00e0lid que permeta garantir un nivell adequat de protecci\u00f3 equivalent al de l'EEE.<\/p>\n<p>Si l'Usuari desitja obtindre m\u00e9s informaci\u00f3 sobre les transfer\u00e8ncies de dades realitzades per la Societat i les garanties jur\u00eddiques que les emparen, pot contactar amb nosaltres a trav\u00e9s dels canals de contacte indicats en la present Pol\u00edtica de Privacitat.<\/p>\n<p>En este sentit, l'Ajuntament de Sant Vicent del Raspeig ha designat Prezero Gesti\u00f3n de Residuos, S.A. com a encarregat del tractament, situat en C\/ Albarrac\u00edn 44, 28037, Madrid.<\/p>\n<h3 class=\"sv-pp-h3\">DURANT QUANT DE TEMPS CONSERVAREM LES SEUES DADES?<\/h3>\n<p>Respecte a la resta de finalitats de tractament i cessi\u00f3 de dades descrites en esta Pol\u00edtica de Privacitat, es mantindran mentre es mantinga vigent la relaci\u00f3 jur\u00eddica establida entre la Societat i l'Usuari i pel termini de temps necessari per a complir les obligacions legals de la Societat.<\/p>\n<p>En relaci\u00f3 amb la resta de les finalitats de tractament, les dades seran conservades sempre que la Societat compte amb legitimitat per a fer-ho i mentres l'Usuari no sol\u00b7licite la supressi\u00f3 de les dades.<\/p>\n<h3 class=\"sv-pp-h3\">QUINS S\u00d3N ELS SEUS DRETS QUAN ENS FACILITA LES SEUES DADES?<\/h3>\n<p>L'Usuari t\u00e9 dret a accedir a les seues dades personals i a sol\u00b7licitar la rectificaci\u00f3 de les dades inexactes o, si \u00e9s el cas, sol\u00b7licitar-ne la supressi\u00f3 quan, entre altres motius, les dades ja no siguen necess\u00e0ries per als fins per als quals van ser arreplegades, aix\u00ed com el dret a sol\u00b7licitar la portabilitat de les seues dades.<\/p>\n<p>En determinades circumst\u00e0ncies, els interessats podran sol\u00b7licitar la limitaci\u00f3 del tractament de les seues dades, cas en qu\u00e8 \u00fanicament les conservarem per a l'exercici o la defensa de reclamacions. L'Usuari podr\u00e0 oposar-se al tractament de les seues dades, sobre la base de motius relacionats amb la seua situaci\u00f3 particular, cas en qu\u00e8 deixarem de tractar les dades, excepte per motius leg\u00edtims imperiosos o per a l'exercici o la defensa de reclamacions.<\/p>\n<p>Li recordem aix\u00ed mateix que com a Usuari pot oposar-se en qualsevol moment al tractament de les seues dades amb finalitats promocionals, publicit\u00e0ries o de prospecci\u00f3 comercial.<\/p>\n<p>Aix\u00ed mateix, els interessats tenen dret a retirar el seu consentiment en qualsevol moment, en aquells casos en qu\u00e8 fora necessari per al tractament, sense que aix\u00f2 afecte la licitud del tractament basat en el consentiment previ a la seua retirada.<\/p>\n<p>Per a exercitar els drets descrits o revocar els consentiments atorgats, l'Usuari pot dirigir-se a l'Ajuntament de Sant Vicent del Raspeig \u2013 Pla\u00e7a de la Comunitat Valenciana, 1, 03690 Sant Vicent del Raspeig o a l'adre\u00e7a de correu electr\u00f2nic <a href=\"mailto:dpd@raspeig.org\">dpd@raspeig.org<\/a> indicant com a refer\u00e8ncia \u00abProtecci\u00f3 de Dades\u00bb.<\/p>\n<p>La Societat informa l'Usuari que per a fer efectiu el dret exercitat podria ser necessari que l'Usuari aporte documentaci\u00f3 addicional per a acreditar la seua identitat (per exemple, una c\u00f2pia del seu DNI o passaport).<\/p>\n<p>Per a qualsevol informaci\u00f3 addicional sobre el tractament de dades personals, l'Usuari pot dirigir-se al Delegat de Protecci\u00f3 de Dades de la Societat. Igualment, l'Usuari pot presentar una reclamaci\u00f3 davant l'Ag\u00e8ncia Espanyola de Protecci\u00f3 de Dades (<a href=\"http:\/\/www.aepd.es\" target=\"_blank\" rel=\"noopener\">http:\/\/www.aepd.es<\/a>), especialment quan l'Usuari no haja obtingut satisfacci\u00f3 en l'exercici dels seus drets.<\/p>","protected":false},"excerpt":{"rendered":"<p>1. INFORMACI\u00d3N B\u00c1SICA Responsable del tratamiento Ayuntamiento de San Vicente del Raspeig Finalidades de tratamiento Bases Jur\u00eddicas para el tratamiento Gesti\u00f3n de usuarios y atenci\u00f3n de sus solicitudes y sugerencias Mantenimiento y ejecuci\u00f3n de la relaci\u00f3n jur\u00eddica establecida Cumplimiento de obligaciones legales aplicables a Ayuntamiento de San Vicente del Raspeig Cumplimiento de obligaciones legales Prevenci\u00f3n [&hellip;]<\/p>\n","protected":false},"author":1,"featured_media":0,"parent":0,"menu_order":0,"comment_status":"closed","ping_status":"closed","template":"","meta":{"_sv_page_css":"","footnotes":""},"class_list":["post-8","page","type-page","status-publish","hentry"],"_links":{"self":[{"href":"https:\/\/www.santvicentnet.com\/va\/wp-json\/wp\/v2\/pages\/8","targetHints":{"allow":["GET"]}}],"collection":[{"href":"https:\/\/www.santvicentnet.com\/va\/wp-json\/wp\/v2\/pages"}],"about":[{"href":"https:\/\/www.santvicentnet.com\/va\/wp-json\/wp\/v2\/types\/page"}],"author":[{"embeddable":true,"href":"https:\/\/www.santvicentnet.com\/va\/wp-json\/wp\/v2\/users\/1"}],"replies":[{"embeddable":true,"href":"https:\/\/www.santvicentnet.com\/va\/wp-json\/wp\/v2\/comments?post=8"}],"version-history":[{"count":1,"href":"https:\/\/www.santvicentnet.com\/va\/wp-json\/wp\/v2\/pages\/8\/revisions"}],"predecessor-version":[{"id":38,"href":"https:\/\/www.santvicentnet.com\/va\/wp-json\/wp\/v2\/pages\/8\/revisions\/38"}],"wp:attachment":[{"href":"https:\/\/www.santvicentnet.com\/va\/wp-json\/wp\/v2\/media?parent=8"}],"curies":[{"name":"wp","href":"https:\/\/api.w.org\/{rel}","templated":true}]}}