{"id":9,"date":"2026-05-20T18:48:50","date_gmt":"2026-05-20T18:48:50","guid":{"rendered":"https:\/\/www.santvicentnet.com\/?page_id=9"},"modified":"2026-06-25T14:45:58","modified_gmt":"2026-06-25T14:45:58","slug":"aviso-legal","status":"publish","type":"page","link":"https:\/\/www.santvicentnet.com\/va\/aviso-legal\/","title":{"rendered":"Av\u00eds Legal"},"content":{"rendered":"<h2 class=\"sv-pp-h2\">1. Introducci\u00f3 i Dades de la Companyia<\/h2>\n<p>El present text es constitu\u00efx com l'Av\u00eds Legal de les p\u00e0gines web propietat de l'Ajuntament de Sant Vicent del Raspeig ubicades sota el domini \u00abhttp:\/\/santvicentnet.com\/\u00bb i els seus respectius subdominis (d'ara en avant, el \u00abLloc Web\u00bb).<\/p>\n<p>L'Ajuntament de Sant Vicent del Raspeig \u00e9s una entitat el domicili social de la qual es troba a la Pla\u00e7a de la Comunitat Valenciana, 1, 03690 Sant Vicent del Raspeig, amb CIF P-0312200-I).<\/p>\n<p>Per a comunicar-se amb l'Ajuntament de Sant Vicent del Raspeig de manera directa i efectiva, podr\u00e0 dirigir-se a l'adre\u00e7a de correu electr\u00f2nic <a href=\"mailto:dpd@raspeig.org\">dpd@raspeig.org<\/a> o posar-se en contacte en el tel\u00e8fon 965675065.<\/p>\n<h2 class=\"sv-pp-h2\">2. Objecte i \u00c0mbit d'Aplicaci\u00f3<\/h2>\n<p>El present Av\u00eds Legal regula l'acc\u00e9s i \u00fas als continguts oferits per l'Ajuntament de Sant Vicent del Raspeig a trav\u00e9s dels seus Llocs Web. No obstant aix\u00f2, l'Ajuntament de Sant Vicent del Raspeig es reserva el dret a modificar la presentaci\u00f3, configuraci\u00f3 i contingut del Lloc Web i dels servicis, aix\u00ed com tamb\u00e9 les condicions requerides per al seu acc\u00e9s i\/o utilitzaci\u00f3.<\/p>\n<p>No obstant aix\u00f2, l'acc\u00e9s a determinats continguts i la utilitzaci\u00f3 de determinats servicis poden trobar-se sotmesos a determinades Condicions Particulars, que, segons els casos, substituiran, completaran i\/o modificaran el present Av\u00eds Legal, o les Condicions Generals i si \u00e9s el cas Particulars; prevaldran els termes contradictoris de les Condicions Particulars sobre les Condicions Generals i l'Av\u00eds Legal.<\/p>\n<p>El simple acc\u00e9s, navegaci\u00f3 i \u00fas del Lloc Web comporta i suposa l'acceptaci\u00f3 per part de l'Usuari de l'Av\u00eds Legal vigent i publicat en cada moment.<\/p>\n<p>En este sentit, s'entendr\u00e0 per Usuari la persona que accedisca, navegue o visualitze els continguts allotjats en el Lloc Web i s'entendr\u00e0 per Usuari Registrat el que accedisca, navegue i es registre per a utilitzar, visualitzar, navegar, allotjar i\/o descarregar els continguts i\/o utilitzar els servicis del Lloc Web.<\/p>\n<h2 class=\"sv-pp-h2\">3. Obligacions de l'Usuari<\/h2>\n<p>L'acc\u00e9s i navegaci\u00f3 a trav\u00e9s del Lloc Web no requerix registre, amb l'excepci\u00f3 que, per a fer \u00fas de certes funcionalitats, poguera requerir-se l'aportaci\u00f3 de dades, com ara nom i adre\u00e7a de correu electr\u00f2nic.<\/p>\n<p>L'Usuari es compromet a:<\/p>\n<ul class=\"sv-pp-list\">\n<li>Acceptar i complir el que s'establix en el present Av\u00eds Legal, i en qualsevol document que en forme part integrant.<\/li>\n<li>No difamar, abusar, molestar, assetjar, amena\u00e7ar o vulnerar de qualsevol altra manera qualsevol dret d'altres Usuaris o de qualssevol altres persones.<\/li>\n<li>No eliminar o intentar suprimir qualssevol mesures de seguretat adoptades i implantades en el Lloc Web.<\/li>\n<li>Complir el que s'establix en la legislaci\u00f3 vigent.<\/li>\n<\/ul>\n<h2 class=\"sv-pp-h2\">4. Drets de Propietat Intel\u00b7lectual i Industrial<\/h2>\n<p>L'Ajuntament de Sant Vicent del Raspeig \u00e9s titular o ha obtingut la corresponent llic\u00e8ncia sobre els drets d'explotaci\u00f3 de propietat intel\u00b7lectual i industrial del Lloc Web, aix\u00ed com dels drets de propietat intel\u00b7lectual i industrial sobre la informaci\u00f3 i materials continguts, l'estructura, selecci\u00f3, ordenaci\u00f3 i presentaci\u00f3 dels seus continguts, servicis i productes disponibles a trav\u00e9s d'este, aix\u00ed com els programes d'ordinador utilitzats en relaci\u00f3 amb este.<\/p>\n<p>L'acc\u00e9s, navegaci\u00f3, utilitzaci\u00f3, allotjament i\/o desc\u00e0rrega de continguts i\/o \u00fas de servicis del Lloc Web per l'Usuari, en cap cas s'entendr\u00e0 com una ren\u00fancia, transmissi\u00f3, llic\u00e8ncia o cessi\u00f3 total ni parcial dels drets abans indicats per part de l'Ajuntament de Sant Vicent del Raspeig o, si \u00e9s el cas, del titular dels drets corresponents.<\/p>\n<p>En conseq\u00fc\u00e8ncia, no est\u00e0 perm\u00e9s suprimir, eludir o manipular l'av\u00eds de drets d'autor (\u00abcopyright\u00bb) i qualssevol altres dades d'identificaci\u00f3 dels drets de l'Ajuntament de Sant Vicent del Raspeig o dels seus respectius titulars incorporats als continguts i\/o servicis, aix\u00ed com els dispositius t\u00e8cnics de protecci\u00f3 o qualssevol mecanismes d'informaci\u00f3 i\/o d'identificaci\u00f3 que s'hi pogueren contindre.<\/p>\n<p>Les refer\u00e8ncies a noms i marques comercials o registrades, logotips o altres signes distintius, ja siguen titularitat de l'Ajuntament de Sant Vicent del Raspeig o de terceres empreses, porten impl\u00edcita la prohibici\u00f3 sobre el seu \u00fas sense el consentiment escrit de l'Ajuntament de Sant Vicent del Raspeig o dels seus leg\u00edtims propietaris segons corresponga. En cap moment, excepte manifestaci\u00f3 expressa, l'acc\u00e9s o \u00fas del Lloc Web i\/o dels seus continguts i\/o servicis conferix a l'Usuari cap dret sobre les marques, logotips i\/o signes distintius que s'hi inclouen protegits per Llei.<\/p>\n<p>Queden reservats tots els drets de propietat intel\u00b7lectual i industrial i, en particular, queda prohibit modificar, copiar, reutilitzar, explotar, reproduir, transformar, comunicar p\u00fablicament, fer segones o posteriors publicacions, carregar arxius, enviar per correu, transmetre, usar, tractar o distribuir de qualsevol forma la totalitat o part dels continguts i productes inclosos en el Lloc Web per a prop\u00f2sits p\u00fablics o comercials, si no es compta amb l'autoritzaci\u00f3 expressa i per escrit de l'Ajuntament de Sant Vicent del Raspeig o, si \u00e9s el cas, del titular dels drets a qu\u00e8 corresponga.<\/p>\n<h2 class=\"sv-pp-h2\">5. Llic\u00e8ncia Sobre les Comunicacions<\/h2>\n<p>En cas que l'Usuari envie informaci\u00f3 de qualsevol tipus a l'Ajuntament de Sant Vicent del Raspeig a trav\u00e9s del Lloc Web, mitjan\u00e7ant els canals disposats a este fi, l'Usuari declara, garantix i accepta que t\u00e9 dret a fer-ho lliurement, que la dita informaci\u00f3 no infringix cap dret de propietat intel\u00b7lectual, de marca, de patent, secret comercial, o qualsevol altre dret de tercer, que la dita informaci\u00f3 no t\u00e9 car\u00e0cter confidencial i que la dita informaci\u00f3 no \u00e9s perjudicial per a tercers.<\/p>\n<p>L'Usuari reconeix assumir la responsabilitat i deixar\u00e0 indemne l'Ajuntament de Sant Vicent del Raspeig per qualsevol comunicaci\u00f3 que subministre personalment o en nom seu, i esta responsabilitat abasta sense cap restricci\u00f3 l'exactitud, legalitat, originalitat i titularitat d'esta.<\/p>\n<h2 class=\"sv-pp-h2\">6. Responsabilitats i Garanties<\/h2>\n<p>Els continguts del Lloc Web es proporcionen a t\u00edtol informatiu i no pretenen constituir cap recomanaci\u00f3 d'inversi\u00f3, transaccions o semblants.<\/p>\n<p>L'Ajuntament de Sant Vicent del Raspeig declara que ha adoptat totes les mesures necess\u00e0ries, dins de les seues possibilitats i de l'estat de la tecnologia, per a garantir el funcionament del Lloc Web i evitar l'exist\u00e8ncia i transmissi\u00f3 de virus i la resta de components nocius als Usuaris.<\/p>\n<p>No obstant aix\u00f2, l'Ajuntament de Sant Vicent del Raspeig no garantix la idone\u00eftat o utilitat dels continguts del Lloc Web ni es fa responsable dels danys o perjudicis que cause, a si mateixa o a un tercer, qualsevol persona que infringira les condicions, normes i instruccions que l'Ajuntament de Sant Vicent del Raspeig establix en el Lloc Web o a trav\u00e9s de la vulneraci\u00f3 dels sistemes de seguretat del Lloc Web.<\/p>\n<p>Si l'Usuari tinguera coneixement de l'exist\u00e8ncia d'algun contingut il\u00b7l\u00edcit, il\u00b7legal, contrari a les lleis o que poguera suposar una infracci\u00f3 de drets de propietat intel\u00b7lectual i\/o industrial, haur\u00e0 de notificar-ho immediatament a l'Ajuntament de Sant Vicent del Raspeig perqu\u00e8 puga procedir a l'adopci\u00f3 de les mesures oportunes.<\/p>\n<h2 class=\"sv-pp-h2\">7. Enlla\u00e7os<\/h2>\n<h3 class=\"sv-pp-h3\">7.1. Enlla\u00e7os a altres p\u00e0gines web<\/h3>\n<p>L'Ajuntament de Sant Vicent del Raspeig no respondr\u00e0 de cap aspecte relatiu a p\u00e0gines web de tercers a qu\u00e8 es poguera establir un enlla\u00e7 des del Lloc Web, en concret, a t\u00edtol enunciatiu i no taxatiu, sobre el seu funcionament, acc\u00e9s, dades, informaci\u00f3, arxius, qualitat i fiabilitat dels seus productes i servicis, els seus propis enlla\u00e7os i\/o qualsevol dels seus continguts, en general.<\/p>\n<p>L'establiment de qualsevol tipus d'enlla\u00e7 des del Lloc Web a un altre lloc web ali\u00e9 no implicar\u00e0 que existisca cap tipus de relaci\u00f3, col\u00b7laboraci\u00f3 o depend\u00e8ncia entre l'Ajuntament de Sant Vicent del Raspeig i el responsable del lloc web ali\u00e9.<\/p>\n<h3 class=\"sv-pp-h3\">7.2. Enlla\u00e7os en altres p\u00e0gines web amb destinaci\u00f3 al Lloc Web<\/h3>\n<p>Si qualsevol Usuari, entitat o lloc web desitjara establir algun tipus d'enlla\u00e7 amb destinaci\u00f3 al Lloc Web haur\u00e0 d'atindre's a les estipulacions seg\u00fcents:<\/p>\n<p>L'enlla\u00e7 ha de ser absolut i complet, \u00e9s a dir, ha de portar l'Usuari, mitjan\u00e7ant un clic, a la mateixa adre\u00e7a URL del Lloc Web i ha d'abastar completament tota l'extensi\u00f3 de la pantalla de la P\u00e0gina Principal del Lloc Web. En cap cas, excepte que l'Ajuntament de Sant Vicent del Raspeig ho autoritze de manera expressa i per escrit, el Lloc Web que realitza l'enlla\u00e7 podr\u00e0 reproduir, de qualsevol manera, el Lloc Web, incloure'l com a part de la seua Web o dins d'un dels seus \u00abframes\u00bb o crear un \u00abbrowser\u00bb sobre qualsevol de les p\u00e0gines del Lloc Web.<\/p>\n<p>En la p\u00e0gina que establix l'enlla\u00e7 no es podr\u00e0 declarar de cap manera que l'Ajuntament de Sant Vicent del Raspeig ha autoritzat tal enlla\u00e7, excepte que l'Ajuntament de Sant Vicent del Raspeig ho haja fet expressament i pr\u00e8viament per escrit. Si l'entitat que realitza correctament l'enlla\u00e7 des de la seua p\u00e0gina al Lloc Web desitjara incloure en la seua p\u00e0gina web la marca, denominaci\u00f3, nom comercial, r\u00e8tol, logotip, esl\u00f2gan o qualsevol altre tipus d'element identificatiu de l'Ajuntament de Sant Vicent del Raspeig i\/o del Lloc Web, haur\u00e0 de comptar pr\u00e8viament amb la seua autoritzaci\u00f3 expressa i per escrit.<\/p>\n<p>L'Ajuntament de Sant Vicent del Raspeig no autoritza l'establiment d'un enlla\u00e7 al Lloc Web des d'aquelles p\u00e0gines web que continguen materials, informaci\u00f3 o continguts il\u00b7l\u00edcits, il\u00b7legals, degradants, obscens i, en general, que contravinguen la moral, l'ordre p\u00fablic o les normes socials generalment acceptades.<\/p>\n<h2 class=\"sv-pp-h2\">8. Privacitat i Cookies<\/h2>\n<p>La Pol\u00edtica de Privacitat i la Pol\u00edtica de Cookies del Lloc Web queden determinades pel que s'establix en el document <a href=\"https:\/\/www.santvicentnet.com\/va\/?page_id=8\">Pol\u00edtica de Privacitat<\/a> i Pol\u00edtica de Cookies.<\/p>\n<h2 class=\"sv-pp-h2\">9. Duraci\u00f3 i Modificaci\u00f3<\/h2>\n<p>L'Ajuntament de Sant Vicent del Raspeig podr\u00e0 modificar els termes i condicions ac\u00ed estipulats, totalment o parcialment, publicant qualsevol canvi en la mateixa forma en qu\u00e8 apareix este Av\u00eds Legal o a trav\u00e9s de qualsevol tipus de comunicaci\u00f3 dirigida als Usuaris.<\/p>\n<p>La vig\u00e8ncia temporal d'este Av\u00eds Legal coincidix, per tant, amb el temps de la seua exposici\u00f3, fins que siguen modificades totalment o parcialment, moment en el qual passar\u00e0 a tindre vig\u00e8ncia l'Av\u00eds Legal modificat i publicat en este Lloc Web.<\/p>\n<p>Amb independ\u00e8ncia del que disposen les Condicions Particulars, l'Ajuntament de Sant Vicent del Raspeig podr\u00e0 donar per acabat, suspendre o interrompre, en qualsevol moment sense necessitat de preav\u00eds, l'acc\u00e9s als continguts del Lloc Web, sense possibilitat per part de l'Usuari d'exigir cap indemnitzaci\u00f3. Despr\u00e9s d'esta extinci\u00f3, continuaran vigents les prohibicions d'\u00fas dels continguts exposades anteriorment en el present Av\u00eds Legal.<\/p>\n<h2 class=\"sv-pp-h2\">10. Generalitats<\/h2>\n<p>Els encap\u00e7alaments de les distintes cl\u00e0usules s\u00f3n nom\u00e9s informatius, i no afectaran, qualificaran o ampliaran la interpretaci\u00f3 de l'Av\u00eds Legal.<\/p>\n<p>En cas d'existir discrep\u00e0ncia entre el que s'establix en este Av\u00eds Legal i les Condicions Particulars de cada servici espec\u00edfic, prevaldr\u00e0 el que disposen estes \u00faltimes.<\/p>\n<p>En cas que qualsevol disposici\u00f3 o disposicions d'este Av\u00eds Legal foren considerades nul\u00b7les o inaplicables, totalment o en part, per qualsevol Jutjat, Tribunal o \u00f2rgan administratiu competent, la dita nul\u00b7litat o inaplicaci\u00f3 no afectar\u00e0 les altres disposicions de l'Av\u00eds Legal.<\/p>\n<p>El no exercici o execuci\u00f3 per part de l'Ajuntament de Sant Vicent del Raspeig de qualsevol dret o disposici\u00f3 contingut en este Av\u00eds Legal no constituir\u00e0 una ren\u00fancia a este, excepte reconeixement i acord per escrit per la seua part.<\/p>\n<h2 class=\"sv-pp-h2\">11. Jurisdicci\u00f3 i Legislaci\u00f3 Aplicable<\/h2>\n<p>El Lloc Web de l'Ajuntament de Sant Vicent del Raspeig i el seu contingut es regiran pel que disposa la legislaci\u00f3 espanyola.<\/p>\n<p>Les relacions establides entre l'Ajuntament de Sant Vicent del Raspeig i l'Usuari es regiran pel que disposa la normativa vigent sobre la legislaci\u00f3 aplicable i la jurisdicci\u00f3 competent. No obstant aix\u00f2, per als casos en qu\u00e8 la normativa preveja la possibilitat que les parts se sotmeten a un fur, l'Ajuntament de Sant Vicent del Raspeig i l'Usuari, amb ren\u00fancia expressa a qualsevol altre fur que els poguera correspondre, sotmetran qualssevol controv\u00e8rsies i\/o litigis al coneixement dels Jutjats i Tribunals de la ciutat de Sant Vicent del Raspeig, i ser\u00e0 aplicable la legislaci\u00f3 espanyola.<\/p>","protected":false},"excerpt":{"rendered":"<p>1. Introducci\u00f3n y Datos de la Compa\u00f1\u00eda El presente texto se constituye como el Aviso Legal de las p\u00e1ginas web propiedad del Ayuntamiento de San Vicente del Raspeig ubicadas bajo el dominio \u00abhttp:\/\/santvicentnet.com\/\u00bb y sus respectivos subdominios (en adelante, el \u00abSitio Web\u00bb). El Ayuntamiento de San Vicente del Raspeig es una entidad cuyo domicilio social [&hellip;]<\/p>\n","protected":false},"author":1,"featured_media":0,"parent":0,"menu_order":0,"comment_status":"closed","ping_status":"closed","template":"","meta":{"_sv_page_css":"","footnotes":""},"class_list":["post-9","page","type-page","status-publish","hentry"],"_links":{"self":[{"href":"https:\/\/www.santvicentnet.com\/va\/wp-json\/wp\/v2\/pages\/9","targetHints":{"allow":["GET"]}}],"collection":[{"href":"https:\/\/www.santvicentnet.com\/va\/wp-json\/wp\/v2\/pages"}],"about":[{"href":"https:\/\/www.santvicentnet.com\/va\/wp-json\/wp\/v2\/types\/page"}],"author":[{"embeddable":true,"href":"https:\/\/www.santvicentnet.com\/va\/wp-json\/wp\/v2\/users\/1"}],"replies":[{"embeddable":true,"href":"https:\/\/www.santvicentnet.com\/va\/wp-json\/wp\/v2\/comments?post=9"}],"version-history":[{"count":1,"href":"https:\/\/www.santvicentnet.com\/va\/wp-json\/wp\/v2\/pages\/9\/revisions"}],"predecessor-version":[{"id":39,"href":"https:\/\/www.santvicentnet.com\/va\/wp-json\/wp\/v2\/pages\/9\/revisions\/39"}],"wp:attachment":[{"href":"https:\/\/www.santvicentnet.com\/va\/wp-json\/wp\/v2\/media?parent=9"}],"curies":[{"name":"wp","href":"https:\/\/api.w.org\/{rel}","templated":true}]}}